{"id":188,"date":"2023-10-05T08:25:35","date_gmt":"2023-10-05T08:25:35","guid":{"rendered":"https:\/\/iian.info\/?page_id=188"},"modified":"2024-12-05T14:41:38","modified_gmt":"2024-12-05T14:41:38","slug":"iian-call-to-action","status":"publish","type":"page","link":"https:\/\/www.iian.info\/es\/iian-call-to-action\/","title":{"rendered":"IIAN Call To Action"},"content":{"rendered":"<p>[et_pb_section fb_built=&#8221;1&#8243; _builder_version=&#8221;4.22.2&#8243; _module_preset=&#8221;default&#8221; background_color=&#8221;#fbfbfb&#8221; custom_padding=&#8221;63px||0px||false|&#8221; global_colors_info=&#8221;{}&#8221;][et_pb_row _builder_version=&#8221;4.22.2&#8243; _module_preset=&#8221;default&#8221; custom_padding=&#8221;0px||0px|||&#8221; animation_style=&#8221;slide&#8221; animation_direction=&#8221;top&#8221; global_colors_info=&#8221;{}&#8221;][et_pb_column type=&#8221;4_4&#8243; _builder_version=&#8221;4.22.2&#8243; _module_preset=&#8221;default&#8221; global_colors_info=&#8221;{}&#8221;][et_pb_toggle open_toggle_text_color=&#8221;#17899B&#8221; open_toggle_background_color=&#8221;#f7f7f7&#8243; closed_toggle_text_color=&#8221;#FDFDFD&#8221; closed_toggle_background_color=&#8221;#17899B&#8221; icon_color=&#8221;#FDFDFD&#8221; toggle_icon=&#8221;&#x50;||divi||400&#8243; use_icon_font_size=&#8221;on&#8221; icon_font_size=&#8221;26px&#8221; open_icon_color=&#8221;#17899B&#8221; open_toggle_icon=&#8221;&#x4f;||divi||400&#8243; open_use_icon_font_size=&#8221;on&#8221; open_icon_font_size=&#8221;26px&#8221; _builder_version=&#8221;4.27.0&#8243; _module_preset=&#8221;default&#8221; title_text_color=&#8221;#FDFDFD&#8221; title_level=&#8221;h1&#8243; title_font=&#8221;|600|||on||||&#8221; title_text_align=&#8221;center&#8221; title_font_size=&#8221;18px&#8221; hover_enabled=&#8221;0&#8243; border_radii=&#8221;on|5px|5px|5px|5px&#8221; border_width_all=&#8221;2px&#8221; border_color_all=&#8221;#17899B&#8221; box_shadow_style=&#8221;preset1&#8243; box_shadow_spread=&#8221;-12px&#8221; global_colors_info=&#8221;{}&#8221; title=&#8221;View Call To Action&#8221; sticky_enabled=&#8221;0&#8243;]<\/p>\n<hr \/>\n<p><img loading=\"lazy\" decoding=\"async\" src=\"https:\/\/iian.info\/wp-content\/uploads\/2023\/10\/IAN-Network_color.png\" alt=\"\" class=\"wp-image-35 alignnone size-full\" width=\"266\" height=\"113\" \/><\/p>\n<p style=\"text-align: center; font-size: 26px; color: #17899b; font-weight: bold;\">Llamamiento a la acci\u00f3n de la comunidad inmunodeprimida<br \/>Tras la pandemia de COVID-19<\/p>\n<p style=\"font-weight: bold; color: #333; font-size: 20px;\"><span style=\"color: #444444;\">Fondo<\/span><\/p>\n<p>Aunque el mundo ha pasado a la fase end\u00e9mica del COVID-19, las personas con inmunidad comprometida siguen corriendo un alto riesgo de sufrir una evoluci\u00f3n grave de la enfermedad y las consiguientes complicaciones sanitarias, hospitalizaciones prolongadas e incluso la muerte tras contraer el virus (1). Esto supone una enorme carga no s\u00f3lo para los inmunodeprimidos y sus familias, sino tambi\u00e9n para el sistema sanitario y la econom\u00eda de sus pa\u00edses (2). Por lo tanto, es de suma importancia que las nuevas pol\u00edticas y pr\u00e1cticas en torno al COVID-19 den prioridad a las necesidades y la protecci\u00f3n de los inmunodeprimidos, beneficiando al mismo tiempo a toda la sociedad.<\/p>\n<p>M\u00e1s de cincuenta representantes internacionales de comunidades inmunocomprometidas se reunieron en Barcelona y virtualmente del 16 al 18 de junio de 2023 en el Intercambio de Defensa del Paciente Inmunocomprometido para debatir las necesidades, experiencias e ideas de defensa del paciente en relaci\u00f3n con COVID-19. Aunque los participantes proced\u00edan de diversas \u00e1reas de enfermedades primarias, los problemas comunes a los que todos se enfrentan como personas inmunodeprimidas al intentar volver a la vida despu\u00e9s de la pandemia fueron sorprendentemente evidentes.<\/p>\n<p>Nosotros -las personas inmunodeprimidas- anunciamos ahora este Llamamiento a la Acci\u00f3n para exponer nuestras necesidades y retos no satisfechos tras la pandemia de COVID-19 y proponer soluciones positivas a los responsables pol\u00edticos y otras partes interesadas. Estos cambios tienen el potencial de aportar beneficios socioecon\u00f3micos y sanitarios sustanciales no s\u00f3lo para las personas inmunodeprimidas, sino para toda la poblaci\u00f3n mundial.<\/p>\n<p style=\"color: #555555; font-size: 20px;\"><strong>Llamada a la acci\u00f3n<\/strong><\/p>\n<p><strong><span style=\"color: #17899b;\">Pedimos una definici\u00f3n modelo exhaustiva de qui\u00e9n se considera inmunodeprimido.<\/span><\/strong><br \/>Durante la pandemia de COVID-19, se hizo evidente que no existe una definici\u00f3n completa, inclusiva y bien investigada de inmunodeficiencia. Las causas subyacentes de un sistema inmunitario comprometido var\u00edan enormemente y esta heterogeneidad debe reflejarse en la definici\u00f3n. Un modelo de definici\u00f3n general basado en la evidencia que pueda ser adaptado por cada pa\u00eds, junto con la evaluaci\u00f3n de los riesgos correspondientes asociados al COVID-19, permitir\u00eda a los pa\u00edses garantizar que cualquier pol\u00edtica, opci\u00f3n de tratamiento, investigaci\u00f3n y recomendaci\u00f3n dirigida a este grupo llegue al p\u00fablico de inter\u00e9s apropiado de manera inclusiva.<\/p>\n<p><span style=\"color: #17899b;\"><strong>Pedimos a los investigadores que determinen el n\u00famero de personas inmunodeprimidas.<\/strong><\/span><br \/>Sobre la base de una definici\u00f3n exhaustiva de la enfermedad, debe determinarse el n\u00famero de personas inmunodeprimidas en cada pa\u00eds, y esta comunidad est\u00e1 dispuesta a liderar dicha investigaci\u00f3n. De este modo, se obtendr\u00edan datos estad\u00edsticos precisos que permitir\u00edan un an\u00e1lisis fiable del impacto socioecon\u00f3mico y m\u00e9dico de la inmunodepresi\u00f3n, tanto para las personas inmunodeprimidas como para la econom\u00eda y los sistemas sanitarios de sus pa\u00edses. Estar inmunodeprimido no s\u00f3lo supone una carga para las personas que padecen la enfermedad, sino que tambi\u00e9n afecta a la forma en que sus familiares y allegados pueden participar en la sociedad. Tambi\u00e9n debe evaluarse el n\u00famero de personas afectadas y el impacto en sus vidas.<\/p>\n<p><span style=\"font-size: 16px; font-style: italic; color: grey;\">AstraZeneca ha proporcionado apoyo financiero para el desarrollo de este documento. Sin embargo, la empresa no ha tenido ninguna influencia en el contenido, las opiniones o las conclusiones aqu\u00ed presentadas. Las opiniones expresadas aqu\u00ed son exclusivamente las de los firmantes.<\/span><\/p>\n<p><span style=\"font-size: 16px; font-style: italic; color: grey;\">Veeva ID: Z4-58960 - Fecha de preparaci\u00f3n: Octubre 2023<\/span><\/p>\n<hr \/>\n<p><strong><span style=\"color: #17899b;\"><img loading=\"lazy\" decoding=\"async\" src=\"https:\/\/iian.info\/wp-content\/uploads\/2023\/10\/IAN-Network_color.png\" alt=\"\" class=\"wp-image-35 alignnone size-full\" width=\"266\" height=\"113\" \/><\/span><\/strong><\/p>\n<p><strong><span style=\"color: #17899b;\">Pedimos a los gobiernos que inviertan en investigaci\u00f3n para mejorar las vacunas contra el COVID-19 y los medicamentos para los inmunodeprimidos.<\/span><\/strong><br \/>Las vacunas actuales no proporcionan niveles suficientes de protecci\u00f3n para los inmunocomprometidos, lo que conduce a una desigualdad inaceptable de protecci\u00f3n (3,4). Para evitar hospitalizaciones y tratamientos prolongados, se necesitan urgentemente vacunas de mayor eficacia y opciones de tratamiento m\u00e1s amplias para la COVID-19 en inmunodeprimidos. Esto facilitar\u00eda nuestra vuelta a la vida normal y a la sociedad, reduciendo la carga financiera de los servicios y presupuestos sanitarios y, por tanto, beneficiando a la poblaci\u00f3n en general.<\/p>\n<p><strong><span style=\"color: #17899b;\">Pedimos que se mejore el acceso a las vacunas y medicamentos contra la COVID-19 para las personas inmunodeprimidas.<\/span><\/strong><br \/>Se necesitan pol\u00edticas y recomendaciones s\u00f3lidas, el fortalecimiento de los sistemas farmac\u00e9uticos, as\u00ed como una mejor educaci\u00f3n de los proveedores de atenci\u00f3n m\u00e9dica para el acceso oportuno y directo a las vacunas COVID-19 y medicamentos para personas inmunocomprometidas. Como ejemplific\u00f3 el despliegue de vacunas durante la pandemia, deben ponerse en marcha urgentemente nuevas v\u00edas de evaluaci\u00f3n para que los nuevos medicamentos est\u00e9n disponibles lo antes posible tras su desarrollo, no s\u00f3lo para COVID-19 sino tambi\u00e9n para combatir los retrasos evitables en el tratamiento de afecciones primarias. El acceso efectivo a estas vacunas y tratamientos, que implica el cumplimiento de las recomendaciones de las autoridades sanitarias por parte de los profesionales sanitarios, es una necesidad que debe garantizarse para los inmunodeprimidos. Teniendo en cuenta el aumento de las infecciones por COVID-19 y la evoluci\u00f3n de las variantes circulantes, necesitamos estas vacunas y medicamentos ya.<\/p>\n<p><strong><span style=\"color: #17899b;\">Pedimos a los responsables pol\u00edticos que definan estrategias claras para proteger a los inmunodeprimidos.<\/span><\/strong><br \/>Debe haber recomendaciones claras, inclusivas, oportunas y basadas en la evidencia para los inmunocomprometidos, tanto en relaci\u00f3n con el COVID-19 como con cualquier emergencia de salud p\u00fablica futura (5). Los responsables pol\u00edticos deben ser conscientes de las necesidades de la comunidad de inmunodeprimidos y de su responsabilidad para con ellos: necesitamos acciones decididas y consideradas, la generaci\u00f3n y aceptaci\u00f3n de pruebas cient\u00edficas pertinentes y la aplicaci\u00f3n de soluciones. La protecci\u00f3n de los m\u00e1s vulnerables debe seguir siendo el fundamento \u00e9tico de nuestra sociedad.<\/p>\n<p><span style=\"color: #17899b;\"><strong>Pedimos que se reconozca la importancia de las intervenciones no farmac\u00e9uticas en la prevenci\u00f3n de las infecciones por COVID-19.<\/strong><\/span><br \/>Las intervenciones no farmac\u00e9uticas (INF) combinadas, incluidas las mascarillas, el distanciamiento y los sistemas de purificaci\u00f3n del aire, demostraron ser importantes para evitar las infecciones por COVID-19 (6,7). Hacemos un llamamiento a los responsables pol\u00edticos para que reconozcan la importancia de estas medidas, especialmente en entornos sanitarios como hospitales y farmacias, donde las mascarillas deber\u00edan ser obligatorias. Tambi\u00e9n hacemos un llamamiento a la concienciaci\u00f3n y aceptaci\u00f3n por parte del p\u00fablico en general de la necesidad del uso de mascarillas para proteger a la comunidad inmunodeprimida. Los mandatos de mascarilla deben reconocerse como un esfuerzo de solidaridad colectiva para proteger a las poblaciones m\u00e1s vulnerables.<\/p>\n<p><span style=\"color: #17899b;\"><strong>Pedimos a los gobiernos que sigan informando p\u00fablicamente de los niveles reales de infecciones, hospitalizaciones y muertes por COVID-19 en sus pa\u00edses.<\/strong><\/span><br \/>S\u00f3lo los datos nacionales comunicados de forma precisa y oportuna pueden permitir recomendaciones de salud p\u00fablica adecuadas y medidas eficientes contra el empeoramiento de COVID-19 a nivel mundial, proporcionando protecci\u00f3n a las personas inmunodeprimidas y a la sociedad en general. Estos datos deben ir acompa\u00f1ados de una evaluaci\u00f3n del riesgo para las personas inmunodeprimidas.<\/p>\n<p><strong><span style=\"color: #17899b;\">Hacemos un llamamiento a las comunidades de pacientes, los profesionales sanitarios y las autoridades sanitarias para que se impliquen m\u00e1s en la educaci\u00f3n de los pacientes y la alfabetizaci\u00f3n sanitaria.<\/span><\/strong><br \/>Es esencial que los proveedores de atenci\u00f3n sanitaria, las autoridades sanitarias y los grupos de pacientes proporcionen a los inmunodeprimidos y a sus familias informaci\u00f3n fiable que les permita evaluar sus niveles de riesgo individuales y asegurarse de que conocen las v\u00edas de acceso a los tratamientos y cuidados necesarios.<\/p>\n<hr \/>\n<p><span style=\"color: #17899b;\"><strong><img loading=\"lazy\" decoding=\"async\" src=\"https:\/\/iian.info\/wp-content\/uploads\/2023\/10\/IAN-Network_color.png\" alt=\"\" class=\"wp-image-35 alignnone size-full\" width=\"266\" height=\"113\" \/><\/strong><\/span><\/p>\n<p><span style=\"color: #17899b;\"><strong>Pedimos que se reconozcan las necesidades psicosociales del colectivo de inmunodeprimidos.<\/strong><\/span><br \/>Necesitamos inclusi\u00f3n, concienciaci\u00f3n y comprensi\u00f3n de las necesidades de las personas inmunodeprimidas en el lugar de trabajo y ofrecerles las mismas oportunidades sociales sin estigmas, pero con empat\u00eda y equidad. Tambi\u00e9n necesitamos una mayor concienciaci\u00f3n sobre las necesidades de atenci\u00f3n psicosocial de las personas inmunodeprimidas y garantizar que los sistemas de atenci\u00f3n sanitaria y social proporcionen un apoyo adecuado a las personas afectadas y a sus familias, por ejemplo, acceso a asesoramiento gratuito.<\/p>\n<p><strong><span style=\"color: #17899b;\">Pedimos coaliciones m\u00e1s fuertes entre las comunidades inmunodeprimidas.<\/span><\/strong><br \/>Se necesitan coaliciones, proyectos conjuntos y acciones de coordinaci\u00f3n en todas las comunidades de inmunodeprimidos que viven con diferentes enfermedades y afecciones, ya que s\u00f3lo \u00e9stas pueden garantizar que las necesidades m\u00e9dicas y psicosociales insatisfechas se expongan y aborden con eficacia. Deben surgir un liderazgo fuerte y unos objetivos definidos para reforzar los esfuerzos de defensa como comunidad.<\/p>\n<p style=\"font-weight: bold; color: #333; font-size: 20px;\"><span style=\"color: #444444;\">\u00bfPor qu\u00e9 TODOS necesitamos estas medidas? - Soluciones que benefician a todos<\/span><\/p>\n<p>Viajemos al a\u00f1o 2020 y pensemos en el impacto que tuvo la pandemia de COVID-19 en las vidas de la poblaci\u00f3n en general, con miedo a infectarse, a perder a sus seres queridos, a perder el trabajo, a no poder mantener a sus familias, a no tener acceso a una atenci\u00f3n sanitaria adecuada y a evitar las citas hospitalarias para reducir el riesgo de contraer COVID. Esta sombr\u00eda realidad sigue siendo v\u00e1lida para millones de personas inmunodeprimidas y sus familias en todo el mundo, que se enfrentan a un cuarto invierno bajo estas restricciones.<\/p>\n<p>Mientras que la poblaci\u00f3n general ha empezado a cansarse de o\u00edr hablar de COVID-19, nosotros -la comunidad inmunodeprimida mundial- seguimos corriendo un alto riesgo de hospitalizaci\u00f3n prolongada y resultados desfavorables por contraer COVID-19, y la amenaza para la salud p\u00fablica mundial se sigue considerando elevada (8). Esto nos impide llevar una vida normal, participar en la sociedad e ir a trabajar. El acceso a la asistencia sanitaria b\u00e1sica para afecciones primarias, dado que se han suprimido las medidas de seguridad contra la infecci\u00f3n por COVID-19 en los centros sanitarios, es ahora una actividad de alto riesgo. Estos obst\u00e1culos no acaban con nosotros, sino que se extienden a los estilos de vida de nuestras familias y seres queridos, lo que supone una carga sustancial para su salud mental y la nuestra (9,10). Estas desigualdades alimentan nuestra incapacidad colectiva para participar en la sociedad y contribuir a ella, lo que supone una enorme carga para la econom\u00eda de los pa\u00edses de todo el mundo, mientras que nuestras largas estancias hospitalarias tras contraer el virus frenan la eficiencia de los sistemas sanitarios (11). Adem\u00e1s, debido a la incapacidad para combatir eficazmente las infecciones por COVID-19, la falta de protecci\u00f3n y tratamiento adecuados de las personas inmunodeprimidas aumenta el riesgo de mutaciones v\u00edricas y nuevas variantes que pueden ser peligrosas para toda la poblaci\u00f3n y dar lugar a nuevos encierros (12).<\/p>\n<p>Teniendo en cuenta todo lo anterior, es evidente que redunda en beneficio de toda la poblaci\u00f3n situar urgentemente las necesidades de las personas inmunodeprimidas en el primer plano de las recomendaciones sanitarias, las pol\u00edticas y las prioridades de investigaci\u00f3n. La adopci\u00f3n de estas medidas redundar\u00e1 en beneficio de los gobiernos, los servicios sanitarios, la econom\u00eda y la poblaci\u00f3n en general. Ayudar\u00e1n a reducir la presi\u00f3n sobre los valiosos recursos y presupuestos sanitarios, a facilitar el acceso de otras personas a la asistencia sanitaria, a reducir el riesgo de mutaciones v\u00edricas y a permitir que una parte significativa de la poblaci\u00f3n se reincorpore a la econom\u00eda en t\u00e9rminos de empleo y gasto. Ha llegado el momento de que los \u00f3rganos de gobierno, los responsables pol\u00edticos, los investigadores, la comunidad farmac\u00e9utica, los profesionales sanitarios, las comunidades de pacientes y el p\u00fablico en general pongan de su parte para garantizar que las personas inmunodeprimidas y sus familias tengan la oportunidad de llevar, lo que para otros es una vida normal, y eliminar esta desigualdad en beneficio de toda la sociedad.<\/p>\n<hr \/>\n<p><strong><img loading=\"lazy\" decoding=\"async\" src=\"https:\/\/iian.info\/wp-content\/uploads\/2023\/10\/IAN-Network_color.png\" alt=\"\" class=\"wp-image-35 alignnone size-full\" width=\"266\" height=\"113\" \/><\/strong><\/p>\n<p><strong>Bibliograf\u00eda<\/strong><\/p>\n<ol>\n<li>Turtle, Lance, et al. \"Outcome of COVID-19 in Hospitalised Immunocompromised Patients: An Analysis of the WHO ISARIC CCP-UK Prospective Cohort Study\". PLOS Medicine, vol. 20, no. 1, 31 ene. 2023, pp. e1004086-e1004086, <a href=\"https:\/\/doi.org\/10.1371\/journal.pmed.1004086\" target=\"_blank\" rel=\"noopener\">https:\/\/doi.org\/10.1371\/journal.pmed.1004086<\/a><\/li>\n<li>Amita Girish Ketkar, et al. \"Assessing the Risk and Costs of COVID-19 in Immunocompromised Populations in a Large United States Commercial Insurance Health Plan: The EPOCH-US Study\". Current Medical Research and Opinion, vol. 39, n\u00ba 8, 17 de julio de 2023, pp. 1103-1118, <a href=\"https:\/\/doi.org\/10.1080\/03007995.2023.2233819\" target=\"_blank\" rel=\"noopener\">https:\/\/doi.org\/10.1080\/03007995.2023.2233819<\/a><\/li>\n<li>Lee, Ainsley Ryan Yan Bin, et al. \"Eficacia de las vacunas Covid-19 en pacientes inmunodeprimidos: Revisi\u00f3n sistem\u00e1tica y metaan\u00e1lisis\". BMJ, vol. 376, 2 mar. 2022, p. e068632, <a href=\"https:\/\/doi.org\/10.1136\/bmj-2021-068632\" target=\"_blank\" rel=\"noopener\">https:\/\/doi.org\/10.1136\/bmj-2021-068632<\/a><\/li>\n<li>Shoham, Shmuel, et al. \"Vacunas y terap\u00e9utica para pacientes inmunodeprimidos con COVID-19\". EClinicalMedicine, vol. 59, 1 de mayo de 2023, p. 101965, pubmed.ncbi.nlm.nih.gov\/37070102\/, <a href=\"https:\/\/doi.org\/10.1016\/j.eclinm.2023.101965\" target=\"_blank\" rel=\"noopener\">https:\/\/doi.org\/10.1016\/j.eclinm.2023.101965<\/a><\/li>\n<li>Pandemia de Covid-19: Lecciones aprendidas y recomendaciones para el futuro (sin fecha) europarl.europa.eu. Disponible en: <a href=\"https:\/\/www.europarl.europa.eu\/doceo\/document\/TA-9-2023-0282_EN.html\">https:\/\/www.europarl.europa.eu\/doceo\/document\/TA-9-2023-0282_EN.html <\/a>(fecha de consulta: 24 de agosto de 2023).<\/li>\n<li>The Royal Society. \"The Royal Society's Programme on the Impact of Non-Pharmaceutical Interventions on Covid-19 Transmission | Royal Society\". Royalsociety.org, 24 ago. 2023, royalsociety.org\/topics- policy\/projects\/impact-non-pharmaceutical-interventions-on-covid-19-transmission\/<\/li>\n<li>Media, P. A. \"Lockdowns and Face Masks \"Unequivocally\" Cut Spread of Covid, Report Finds\". The Guardian, 24 de agosto de 2023, <a href=\"https:\/\/www.theguardian.com\/world\/2023\/aug\/24\/lockdowns-face-masks-%20unequivocally-cut-spread-covid-study-finds\" target=\"_blank\" rel=\"noopener\">https:\/\/www.theguardian.com\/world\/2023\/aug\/24\/lockdowns-face-masks- unequivocally-cut-spread-covid-study-finds<\/a><\/li>\n<li>Discurso de apertura de la Directora General de la OMS en la rueda de prensa - 9 de agosto de 2023 (sin fecha) Organizaci\u00f3n Mundial de la Salud. Disponible en: <a href=\"https:\/\/www.who.int\/director-general\/speeches\/detail\/who-director-general-s-%20opening-remarks-at-the-media-briefing---9-august-2023\" target=\"_blank\" rel=\"noopener\">https:\/\/www.who.int\/director-general\/speeches\/detail\/who-director-general-s- observaciones-abiertas-en-la-reunion-de-medios-de comunicacion-9-de-agosto-2023<\/a>\u00a0 (fecha de consulta: 24 de agosto de 2023).<\/li>\n<li>Fortune, Erica E., et al. \"Perceived COVID-19 Pandemic Impact and Protective Factors Predicting Patient-Reported Depression and Anxiety in Individuals Living with Cancer\". Journal of Patient-Reported Outcomes, vol. 7, no. 1, 1 dic. 2023, <a href=\"https:\/\/doi.org\/10.1186\/s41687-023-00571-1\" target=\"_blank\" rel=\"noopener\">https:\/\/doi.org\/10.1186\/s41687-023-00571-1<\/a><\/li>\n<li>Lindoso, Livia, et al. \"Physical and Mental Health Impacts during COVID-19 Quarantine in Adolescents with Preexisting Chronic Immunocompromised Conditions\". Jornal de Pediatria, 12 oct. 2021, <a href=\"https:\/\/doi.org\/10.1016\/j.jped.2021.09.002\" target=\"_blank\" rel=\"noopener\">https:\/\/doi.org\/10.1016\/j.jped.2021.09.002<\/a><\/li>\n<li>DeMartino, Jessica K, et al. \"Direct Health Care Costs Associated with COVID-19 in the United States\". Journal of Managed Care &amp; Specialty Pharmacy, vol. 28, n\u00ba 9, sept. 2022, pp. 936-947, <a href=\"https:\/\/doi.org\/10.18553\/jmcp.2022.22050\" target=\"_blank\" rel=\"noopener\">https:\/\/doi.org\/10.18553\/jmcp.2022.22050<\/a><\/li>\n<li>Corey, L. et al. (2021) 'SARS-COV-2 variants in patients with immunosuppression', New England Journal of Medicine, 385(6), pp. 562-566. <a href=\"https:\/\/doi.org\/10.1056\/nejmsb2104756\" target=\"_blank\" rel=\"noopener\">https:\/\/doi.org\/10.1056\/nejmsb2104756<\/a><\/li>\n<\/ol>\n<p>&nbsp;<\/p>\n<p>[\/et_pb_toggle][\/et_pb_column][\/et_pb_row][\/et_pb_section][et_pb_section fb_built=&#8221;1&#8243; _builder_version=&#8221;4.22.2&#8243; _module_preset=&#8221;default&#8221; background_color=&#8221;#fbfbfb&#8221; background_image=&#8221;https:\/\/iian.info\/wp-content\/uploads\/2023\/10\/IAN-Network_ICON_GREY_3000px.png&#8221; background_size=&#8221;custom&#8221; background_image_width=&#8221;40%&#8221; background_position=&#8221;top_center&#8221; background_vertical_offset=&#8221;10%&#8221; custom_padding=&#8221;34px||||false|false&#8221; global_colors_info=&#8221;{}&#8221;][et_pb_row column_structure=&#8221;1_2,1_2&#8243; _builder_version=&#8221;4.22.2&#8243; _module_preset=&#8221;default&#8221; background_enable_image=&#8221;off&#8221; background_size=&#8221;custom&#8221; background_image_width=&#8221;500px&#8221; background_position=&#8221;top_right&#8221; custom_padding=&#8221;||||false|false&#8221; global_colors_info=&#8221;{}&#8221;][et_pb_column type=&#8221;1_2&#8243; _builder_version=&#8221;4.22.2&#8243; _module_preset=&#8221;default&#8221; global_colors_info=&#8221;{}&#8221;][et_pb_text _builder_version=&#8221;4.22.2&#8243; _module_preset=&#8221;default&#8221; header_font=&#8221;|600|||||||&#8221; header_text_color=&#8221;#17899B&#8221; header_2_font=&#8221;|600|||||||&#8221; header_2_text_color=&#8221;#17899B&#8221; header_2_font_size=&#8221;30px&#8221; global_colors_info=&#8221;{}&#8221;]<\/p>\n<h1>Llamamiento a la acci\u00f3n del IIAN - Antecedentes<\/h1>\n<p>Con sorprendente rapidez, gobiernos, autoridades sanitarias y organizaciones han declarado finalizada la pandemia de COVID-19. Sin embargo, esta transici\u00f3n, carente de medidas de precauci\u00f3n y de enfoques adaptados a las diversas necesidades de una poblaci\u00f3n m\u00e9dicamente heterog\u00e9nea, ha dejado atr\u00e1s a un n\u00famero considerable de personas.<\/p>\n<p>Para nosotros -que somos especialmente vulnerables a una evoluci\u00f3n grave de la enfermedad por COVID-19 debido a un sistema inmunitario comprometido- este cambio ha provocado resignaci\u00f3n y desilusi\u00f3n, haciendo que muchos se a\u00edslen del mundo y de su vida social para proteger su salud.<\/p>\n<p>A la luz de estos acontecimientos y con el fin de abogar por la protecci\u00f3n de las personas con un sistema inmunitario comprometido, as\u00ed como para llamar la atenci\u00f3n sobre las necesidades y los retos no satisfechos de esta poblaci\u00f3n, lanzamos un \"Llamamiento a la acci\u00f3n\" en el que pedimos cambios fundamentales en la pol\u00edtica sanitaria y la prestaci\u00f3n de asistencia sanitaria, sugiriendo soluciones concretas a los responsables pol\u00edticos y otras partes interesadas. Confiamos en que estas soluciones puedan aportar beneficios socioecon\u00f3micos y sanitarios no s\u00f3lo a las personas inmunodeprimidas, sino a toda la sociedad, y puedan sentar las bases para futuras acciones y cambios significativos en la pol\u00edtica sanitaria y la prestaci\u00f3n de asistencia sanitaria.<\/p>\n<p>[\/et_pb_text][\/et_pb_column][et_pb_column type=&#8221;1_2&#8243; _builder_version=&#8221;4.22.2&#8243; _module_preset=&#8221;default&#8221; global_colors_info=&#8221;{}&#8221;][et_pb_text _builder_version=&#8221;4.22.2&#8243; _module_preset=&#8221;default&#8221; header_2_font=&#8221;|600|||||||&#8221; header_2_text_color=&#8221;#17899B&#8221; header_2_font_size=&#8221;30px&#8221; custom_margin=&#8221;40px||||false|false&#8221; custom_margin_tablet=&#8221;0px||||false|false&#8221; custom_margin_phone=&#8221;0px||||false|false&#8221; custom_margin_last_edited=&#8221;on|desktop&#8221; locked=&#8221;off&#8221; global_colors_info=&#8221;{}&#8221;]<\/p>\n<p>Entre los temas importantes de este Llamamiento a la Acci\u00f3n se incluyen, por ejemplo, la mejora del acceso a las vacunas y los tratamientos contra la COVID-19, as\u00ed como las intervenciones no farmac\u00e9uticas y un modelo de definici\u00f3n adaptable de \"estar inmunodeprimido\" que permita a los pa\u00edses adaptarlo a las circunstancias y los sistemas nacionales.<\/p>\n<p>El IIAN cree que la adopci\u00f3n de lo que proponemos en este Llamamiento a la Acci\u00f3n beneficiar\u00e1 a los gobiernos, a los proveedores de atenci\u00f3n sanitaria, a la econom\u00eda y a la poblaci\u00f3n en general, ya que ayudar\u00e1 a reducir la carga sobre los valiosos recursos y presupuestos sanitarios, mejorar\u00e1 el acceso a la atenci\u00f3n sanitaria para todos, reducir\u00e1 el riesgo de mutaciones v\u00edricas y permitir\u00e1 que una parte significativa de la poblaci\u00f3n se reincorpore a la vida laboral. Adem\u00e1s, los cambios propuestos pueden ayudar a crear un marco que apoye a todos por igual en cualquier crisis sanitaria futura.<\/p>\n<p>[\/et_pb_text][et_pb_text disabled_on=&#8221;off|off|off&#8221; _builder_version=&#8221;4.22.2&#8243; _module_preset=&#8221;default&#8221; link_text_color=&#8221;#17899B&#8221; text_orientation=&#8221;center&#8221; custom_padding=&#8221;9px|10px|9px|10px|true|true&#8221; border_radii=&#8221;on|5px|5px|5px|5px&#8221; border_width_all=&#8221;2px&#8221; border_color_all=&#8221;#17899B&#8221; box_shadow_style=&#8221;preset1&#8243; box_shadow_spread=&#8221;-10px&#8221; locked=&#8221;off&#8221; global_colors_info=&#8221;{}&#8221; background__hover_enabled=&#8221;off|hover&#8221; text_text_color__hover_enabled=&#8221;off|desktop&#8221; link_text_color__hover_enabled=&#8221;on|hover&#8221; link_text_color__hover=&#8221;#17899B&#8221;]<\/p>\n<p>Si quieres apoyar nuestra causa y unirte a esta voz mundial de las personas inmunodeprimidas, <a href=\"https:\/\/www.iian.info\/es\/endorse-the-call-to-action\/\"><u>respalde nuestro llamamiento a la acci\u00f3n<\/u><\/a>!<\/p>\n<p>[\/et_pb_text][et_pb_blurb title=&#8221;Download PDF version&#8221; url=&#8221;https:\/\/iian.info\/wp-content\/uploads\/2023\/10\/IIAN_Call_to_Action.pdf&#8221; url_new_window=&#8221;on&#8221; use_icon=&#8221;on&#8221; font_icon=&#8221;&#x68;||divi||400&#8243; icon_color=&#8221;#17899B&#8221; icon_placement=&#8221;left&#8221; image_icon_width=&#8221;50px&#8221; _builder_version=&#8221;4.22.2&#8243; _module_preset=&#8221;default&#8221; header_font=&#8221;||||on||||&#8221; header_text_color=&#8221;#17899B&#8221; custom_padding=&#8221;20px|20px|20px|20px|true|true&#8221; link_option_url=&#8221;https:\/\/iian.info\/wp-content\/uploads\/2023\/10\/IIAN_Call_to_Action.pdf&#8221; link_option_url_new_window=&#8221;on&#8221; border_radii=&#8221;on|5px|5px|5px|5px&#8221; border_width_all=&#8221;2px&#8221; border_color_all=&#8221;#17899B&#8221; box_shadow_style=&#8221;preset1&#8243; box_shadow_spread=&#8221;-10px&#8221; global_colors_info=&#8221;{}&#8221; background__hover_enabled=&#8221;on|hover&#8221; background_color__hover=&#8221;#17899B&#8221; background_enable_color__hover=&#8221;on&#8221; header_text_color__hover_enabled=&#8221;on|hover&#8221; header_text_color__hover=&#8221;#ffffff&#8221; icon_color__hover_enabled=&#8221;on|desktop&#8221; icon_color__hover=&#8221;#ffffff&#8221;][\/et_pb_blurb][\/et_pb_column][\/et_pb_row][\/et_pb_section]<\/p>","protected":false},"excerpt":{"rendered":"<p>Call to Action by the Immunocompromised Communityin the Wake of the COVID-19 Pandemic Background Although the world has moved into the endemic phase of COVID-19, people living with compromised immunity remain at high risk of severe disease course and resultant health complications, long hospitalisation, and even death after catching the virus (1). This puts an [&hellip;]<\/p>","protected":false},"author":1,"featured_media":0,"parent":0,"menu_order":0,"comment_status":"closed","ping_status":"closed","template":"","meta":{"_et_pb_use_builder":"on","_et_pb_old_content":"","_et_gb_content_width":"","inline_featured_image":false,"footnotes":""},"class_list":["post-188","page","type-page","status-publish","hentry"],"yoast_head":"<!-- This site is optimized with the Yoast SEO plugin v21.3 - https:\/\/yoast.com\/wordpress\/plugins\/seo\/ -->\n<title>IIAN Call To Action - International Immunocompromised Advocacy Network<\/title>\n<meta name=\"description\" content=\"We \u2013 the immunocompromised people \u2013 are now announcing this Call to Action to state our unmet needs and challenges in the wake of the COVID-19 pandemic and to propose positive solutions to policymakers and other relevant stakeholders.\" \/>\n<meta name=\"robots\" content=\"index, follow, max-snippet:-1, max-image-preview:large, max-video-preview:-1\" \/>\n<link rel=\"canonical\" href=\"https:\/\/www.iian.info\/es\/iian-call-to-action\/\" \/>\n<meta property=\"og:locale\" content=\"es_ES\" \/>\n<meta property=\"og:type\" content=\"article\" \/>\n<meta property=\"og:title\" content=\"IIAN Call to Action\" \/>\n<meta property=\"og:description\" content=\"We \u2013 the immunocompromised people \u2013 are now announcing this Call to Action to state our unmet needs and challenges in the wake of the COVID-19 pandemic and to propose positive solutions to policymakers and other relevant stakeholders.\" \/>\n<meta property=\"og:url\" content=\"https:\/\/www.iian.info\/es\/iian-call-to-action\/\" \/>\n<meta property=\"og:site_name\" content=\"International Immunocompromised Advocacy Network\" \/>\n<meta property=\"article:modified_time\" content=\"2024-12-05T14:41:38+00:00\" \/>\n<meta property=\"og:image\" content=\"https:\/\/www.iian.info\/wp-content\/uploads\/2023\/10\/FB-03-See-the-call-to-action-1.png\" \/>\n\t<meta property=\"og:image:width\" content=\"2500\" \/>\n\t<meta property=\"og:image:height\" content=\"1313\" \/>\n\t<meta property=\"og:image:type\" content=\"image\/png\" \/>\n<meta name=\"twitter:card\" content=\"summary_large_image\" \/>\n<meta name=\"twitter:title\" content=\"IIAN Call to Action\" \/>\n<meta name=\"twitter:description\" content=\"We \u2013 the immunocompromised people \u2013 are now announcing this Call to Action to state our unmet needs and challenges in the wake of the COVID-19 pandemic and to propose positive solutions to policymakers and other relevant stakeholders.\" \/>\n<meta name=\"twitter:image\" content=\"https:\/\/www.iian.info\/wp-content\/uploads\/2023\/10\/FB-03-See-the-call-to-action-1.png\" \/>\n<meta name=\"twitter:label1\" content=\"Tiempo de lectura\" \/>\n\t<meta name=\"twitter:data1\" content=\"12 minutos\" \/>\n<script type=\"application\/ld+json\" class=\"yoast-schema-graph\">{\"@context\":\"https:\/\/schema.org\",\"@graph\":[{\"@type\":\"WebPage\",\"@id\":\"https:\/\/www.iian.info\/iian-call-to-action\/\",\"url\":\"https:\/\/www.iian.info\/iian-call-to-action\/\",\"name\":\"IIAN Call To Action - International Immunocompromised Advocacy Network\",\"isPartOf\":{\"@id\":\"https:\/\/www.iian.info\/#website\"},\"datePublished\":\"2023-10-05T08:25:35+00:00\",\"dateModified\":\"2024-12-05T14:41:38+00:00\",\"description\":\"We \u2013 the immunocompromised people \u2013 are now announcing this Call to Action to state our unmet needs and challenges in the wake of the COVID-19 pandemic and to propose positive solutions to policymakers and other relevant stakeholders.\",\"inLanguage\":\"es\",\"potentialAction\":[{\"@type\":\"ReadAction\",\"target\":[\"https:\/\/www.iian.info\/iian-call-to-action\/\"]}]},{\"@type\":\"WebSite\",\"@id\":\"https:\/\/www.iian.info\/#website\",\"url\":\"https:\/\/www.iian.info\/\",\"name\":\"International Immunocompromised Advocacy Network\",\"description\":\"\",\"potentialAction\":[{\"@type\":\"SearchAction\",\"target\":{\"@type\":\"EntryPoint\",\"urlTemplate\":\"https:\/\/www.iian.info\/?s={search_term_string}\"},\"query-input\":\"required name=search_term_string\"}],\"inLanguage\":\"es\"}]}<\/script>\n<!-- \/ Yoast SEO plugin. -->","yoast_head_json":{"title":"IIAN Call To Action - International Immunocompromised Advocacy Network","description":"We \u2013 the immunocompromised people \u2013 are now announcing this Call to Action to state our unmet needs and challenges in the wake of the COVID-19 pandemic and to propose positive solutions to policymakers and other relevant stakeholders.","robots":{"index":"index","follow":"follow","max-snippet":"max-snippet:-1","max-image-preview":"max-image-preview:large","max-video-preview":"max-video-preview:-1"},"canonical":"https:\/\/www.iian.info\/es\/iian-call-to-action\/","og_locale":"es_ES","og_type":"article","og_title":"IIAN Call to Action","og_description":"We \u2013 the immunocompromised people \u2013 are now announcing this Call to Action to state our unmet needs and challenges in the wake of the COVID-19 pandemic and to propose positive solutions to policymakers and other relevant stakeholders.","og_url":"https:\/\/www.iian.info\/es\/iian-call-to-action\/","og_site_name":"International Immunocompromised Advocacy Network","article_modified_time":"2024-12-05T14:41:38+00:00","og_image":[{"width":2500,"height":1313,"url":"https:\/\/www.iian.info\/wp-content\/uploads\/2023\/10\/FB-03-See-the-call-to-action-1.png","type":"image\/png"}],"twitter_card":"summary_large_image","twitter_title":"IIAN Call to Action","twitter_description":"We \u2013 the immunocompromised people \u2013 are now announcing this Call to Action to state our unmet needs and challenges in the wake of the COVID-19 pandemic and to propose positive solutions to policymakers and other relevant stakeholders.","twitter_image":"https:\/\/www.iian.info\/wp-content\/uploads\/2023\/10\/FB-03-See-the-call-to-action-1.png","twitter_misc":{"Tiempo de lectura":"12 minutos"},"schema":{"@context":"https:\/\/schema.org","@graph":[{"@type":"WebPage","@id":"https:\/\/www.iian.info\/iian-call-to-action\/","url":"https:\/\/www.iian.info\/iian-call-to-action\/","name":"IIAN Call To Action - International Immunocompromised Advocacy Network","isPartOf":{"@id":"https:\/\/www.iian.info\/#website"},"datePublished":"2023-10-05T08:25:35+00:00","dateModified":"2024-12-05T14:41:38+00:00","description":"We \u2013 the immunocompromised people \u2013 are now announcing this Call to Action to state our unmet needs and challenges in the wake of the COVID-19 pandemic and to propose positive solutions to policymakers and other relevant stakeholders.","inLanguage":"es","potentialAction":[{"@type":"ReadAction","target":["https:\/\/www.iian.info\/iian-call-to-action\/"]}]},{"@type":"WebSite","@id":"https:\/\/www.iian.info\/#website","url":"https:\/\/www.iian.info\/","name":"International Immunocompromised Advocacy Network","description":"","potentialAction":[{"@type":"SearchAction","target":{"@type":"EntryPoint","urlTemplate":"https:\/\/www.iian.info\/?s={search_term_string}"},"query-input":"required name=search_term_string"}],"inLanguage":"es"}]}},"_links":{"self":[{"href":"https:\/\/www.iian.info\/es\/wp-json\/wp\/v2\/pages\/188","targetHints":{"allow":["GET"]}}],"collection":[{"href":"https:\/\/www.iian.info\/es\/wp-json\/wp\/v2\/pages"}],"about":[{"href":"https:\/\/www.iian.info\/es\/wp-json\/wp\/v2\/types\/page"}],"author":[{"embeddable":true,"href":"https:\/\/www.iian.info\/es\/wp-json\/wp\/v2\/users\/1"}],"replies":[{"embeddable":true,"href":"https:\/\/www.iian.info\/es\/wp-json\/wp\/v2\/comments?post=188"}],"version-history":[{"count":57,"href":"https:\/\/www.iian.info\/es\/wp-json\/wp\/v2\/pages\/188\/revisions"}],"predecessor-version":[{"id":1164,"href":"https:\/\/www.iian.info\/es\/wp-json\/wp\/v2\/pages\/188\/revisions\/1164"}],"wp:attachment":[{"href":"https:\/\/www.iian.info\/es\/wp-json\/wp\/v2\/media?parent=188"}],"curies":[{"name":"wp","href":"https:\/\/api.w.org\/{rel}","templated":true}]}}