{"id":188,"date":"2023-10-05T08:25:35","date_gmt":"2023-10-05T08:25:35","guid":{"rendered":"https:\/\/iian.info\/?page_id=188"},"modified":"2024-12-05T14:41:38","modified_gmt":"2024-12-05T14:41:38","slug":"iian-call-to-action","status":"publish","type":"page","link":"https:\/\/www.iian.info\/fr\/iian-call-to-action\/","title":{"rendered":"IIAN Call To Action"},"content":{"rendered":"<p>[et_pb_section fb_built=&#8221;1&#8243; _builder_version=&#8221;4.22.2&#8243; _module_preset=&#8221;default&#8221; background_color=&#8221;#fbfbfb&#8221; custom_padding=&#8221;63px||0px||false|&#8221; global_colors_info=&#8221;{}&#8221;][et_pb_row _builder_version=&#8221;4.22.2&#8243; _module_preset=&#8221;default&#8221; custom_padding=&#8221;0px||0px|||&#8221; animation_style=&#8221;slide&#8221; animation_direction=&#8221;top&#8221; global_colors_info=&#8221;{}&#8221;][et_pb_column type=&#8221;4_4&#8243; _builder_version=&#8221;4.22.2&#8243; _module_preset=&#8221;default&#8221; global_colors_info=&#8221;{}&#8221;][et_pb_toggle open_toggle_text_color=&#8221;#17899B&#8221; open_toggle_background_color=&#8221;#f7f7f7&#8243; closed_toggle_text_color=&#8221;#FDFDFD&#8221; closed_toggle_background_color=&#8221;#17899B&#8221; icon_color=&#8221;#FDFDFD&#8221; toggle_icon=&#8221;&#x50;||divi||400&#8243; use_icon_font_size=&#8221;on&#8221; icon_font_size=&#8221;26px&#8221; open_icon_color=&#8221;#17899B&#8221; open_toggle_icon=&#8221;&#x4f;||divi||400&#8243; open_use_icon_font_size=&#8221;on&#8221; open_icon_font_size=&#8221;26px&#8221; _builder_version=&#8221;4.27.0&#8243; _module_preset=&#8221;default&#8221; title_text_color=&#8221;#FDFDFD&#8221; title_level=&#8221;h1&#8243; title_font=&#8221;|600|||on||||&#8221; title_text_align=&#8221;center&#8221; title_font_size=&#8221;18px&#8221; hover_enabled=&#8221;0&#8243; border_radii=&#8221;on|5px|5px|5px|5px&#8221; border_width_all=&#8221;2px&#8221; border_color_all=&#8221;#17899B&#8221; box_shadow_style=&#8221;preset1&#8243; box_shadow_spread=&#8221;-12px&#8221; global_colors_info=&#8221;{}&#8221; title=&#8221;View Call To Action&#8221; sticky_enabled=&#8221;0&#8243;]<\/p>\n<hr \/>\n<p><img loading=\"lazy\" decoding=\"async\" src=\"https:\/\/iian.info\/wp-content\/uploads\/2023\/10\/IAN-Network_color.png\" alt=\"\" class=\"wp-image-35 alignnone size-full\" width=\"266\" height=\"113\" \/><\/p>\n<p style=\"text-align: center; font-size: 26px; color: #17899b; font-weight: bold;\">Appel \u00e0 l'action de la communaut\u00e9 des personnes immunod\u00e9prim\u00e9es<br \/>dans le sillage de la pand\u00e9mie de COVID-19<\/p>\n<p style=\"font-weight: bold; color: #333; font-size: 20px;\"><span style=\"color: #444444;\">Contexte<\/span><\/p>\n<p>Bien que le monde soit entr\u00e9 dans la phase end\u00e9mique du COVID-19, les personnes dont l'immunit\u00e9 est compromise restent expos\u00e9es \u00e0 un risque \u00e9lev\u00e9 d'\u00e9volution grave de la maladie et des complications qui en r\u00e9sultent, d'hospitalisation prolong\u00e9e, voire de d\u00e9c\u00e8s apr\u00e8s avoir contract\u00e9 le virus (1). Cela repr\u00e9sente un fardeau \u00e9norme non seulement pour les personnes immunod\u00e9prim\u00e9es et leurs familles, mais aussi pour le syst\u00e8me de sant\u00e9 et l'\u00e9conomie de leur pays (2). Il est donc de la plus haute importance que les nouvelles politiques et pratiques relatives au COVID-19 donnent la priorit\u00e9 aux besoins et \u00e0 la protection des personnes immunod\u00e9prim\u00e9es, tout en b\u00e9n\u00e9ficiant \u00e0 l'ensemble de la soci\u00e9t\u00e9.<\/p>\n<p>Plus de cinquante repr\u00e9sentants internationaux de communaut\u00e9s d'immunod\u00e9prim\u00e9s se sont r\u00e9unis \u00e0 Barcelone et virtuellement du 16 au 18 juin 2023 \u00e0 l'occasion de l'Immunocompromised Patient Advocacy Exchange pour discuter des besoins, des exp\u00e9riences et des id\u00e9es de d\u00e9fense des patients en relation avec le COVID-19. Bien que les participants soient issus de diff\u00e9rents domaines de maladies primaires, les probl\u00e8mes communs auxquels ils sont tous confront\u00e9s en tant que personnes immunod\u00e9prim\u00e9es lorsqu'ils tentent de reprendre une vie normale apr\u00e8s la pand\u00e9mie sont apparus de mani\u00e8re frappante.<\/p>\n<p>Nous, les personnes immunod\u00e9prim\u00e9es, lan\u00e7ons aujourd'hui cet appel \u00e0 l'action afin d'exposer nos besoins et d\u00e9fis non satisfaits \u00e0 la suite de la pand\u00e9mie de COVID-19 et de proposer des solutions positives aux d\u00e9cideurs politiques et aux autres parties prenantes concern\u00e9es. Ces changements sont susceptibles d'apporter des avantages socio-\u00e9conomiques et sanitaires substantiels, non seulement pour les personnes immunod\u00e9prim\u00e9es, mais aussi pour l'ensemble de la population mondiale.<\/p>\n<p style=\"color: #555555; font-size: 20px;\"><strong>Appel \u00e0 l'action<\/strong><\/p>\n<p><strong><span style=\"color: #17899b;\">Nous demandons une d\u00e9finition mod\u00e8le compl\u00e8te des personnes consid\u00e9r\u00e9es comme immunod\u00e9prim\u00e9es.<\/span><\/strong><br \/>Au cours de la pand\u00e9mie de COVID-19, il est apparu qu'il n'existait pas de d\u00e9finition compl\u00e8te, exhaustive et bien document\u00e9e de l'immunod\u00e9pression. Les causes sous-jacentes de l'affaiblissement du syst\u00e8me immunitaire varient consid\u00e9rablement et cette h\u00e9t\u00e9rog\u00e9n\u00e9it\u00e9 doit \u00eatre prise en compte dans la d\u00e9finition. Une d\u00e9finition globale du mod\u00e8le, fond\u00e9e sur des donn\u00e9es probantes et pouvant \u00eatre adapt\u00e9e par chaque pays, ainsi que l'\u00e9valuation des risques correspondants associ\u00e9s au COVID-19, permettraient aux pays de s'assurer que les politiques, les options de traitement, la recherche et les recommandations ciblant ce groupe atteindront le public appropri\u00e9 de mani\u00e8re inclusive.<\/p>\n<p><span style=\"color: #17899b;\"><strong>Nous demandons aux chercheurs de d\u00e9terminer le nombre de personnes immunod\u00e9prim\u00e9es.<\/strong><\/span><br \/>Sur la base d'une d\u00e9finition compl\u00e8te de la maladie, le nombre de personnes immunod\u00e9prim\u00e9es doit \u00eatre d\u00e9termin\u00e9 dans chaque pays, et cette communaut\u00e9 est pr\u00eate \u00e0 mener une telle recherche. Elle permettrait d'\u00e9tablir des donn\u00e9es statistiques pr\u00e9cises et d'analyser de mani\u00e8re fiable l'impact socio-\u00e9conomique et m\u00e9dical de l'immunod\u00e9pression, tant pour les personnes immunod\u00e9prim\u00e9es que pour l'\u00e9conomie et les syst\u00e8mes de soins de sant\u00e9 de leur pays. Le fait d'\u00eatre immunod\u00e9prim\u00e9 repr\u00e9sente un fardeau non seulement pour les personnes qui en sont atteintes, mais aussi pour leur famille et leurs proches, qui sont alors en mesure de participer \u00e0 la vie de la soci\u00e9t\u00e9. Il convient \u00e9galement d'\u00e9valuer le nombre de personnes touch\u00e9es et l'impact sur leur vie.<\/p>\n<p><span style=\"font-size: 16px; font-style: italic; color: grey;\">AstraZeneca a apport\u00e9 son soutien financier \u00e0 l'\u00e9laboration de ce document. Cependant, la soci\u00e9t\u00e9 n'a eu aucune influence sur le contenu, les opinions ou les conclusions pr\u00e9sent\u00e9es ici. Les opinions exprim\u00e9es ici sont uniquement celles des signataires.<\/span><\/p>\n<p><span style=\"font-size: 16px; font-style: italic; color: grey;\">ID Veeva : Z4-58960 - Date de pr\u00e9paration : Octobre 2023<\/span><\/p>\n<hr \/>\n<p><strong><span style=\"color: #17899b;\"><img loading=\"lazy\" decoding=\"async\" src=\"https:\/\/iian.info\/wp-content\/uploads\/2023\/10\/IAN-Network_color.png\" alt=\"\" class=\"wp-image-35 alignnone size-full\" width=\"266\" height=\"113\" \/><\/span><\/strong><\/p>\n<p><strong><span style=\"color: #17899b;\">Nous appelons les gouvernements \u00e0 investir dans la recherche pour am\u00e9liorer les vaccins COVID-19 et les m\u00e9dicaments pour les personnes immunod\u00e9prim\u00e9es.<\/span><\/strong><br \/>Les vaccins actuels n'offrent pas un niveau de protection suffisant pour les personnes immunod\u00e9prim\u00e9es, ce qui entra\u00eene une in\u00e9galit\u00e9 inacceptable de la protection (3,4). Il est urgent de mettre au point des vaccins plus efficaces et d'\u00e9largir les options th\u00e9rapeutiques pour COVID-19 chez les personnes immunod\u00e9prim\u00e9es afin d'\u00e9viter les hospitalisations et les traitements prolong\u00e9s. Ces mesures faciliteraient le retour \u00e0 la vie normale et \u00e0 la soci\u00e9t\u00e9, r\u00e9duisant ainsi la charge financi\u00e8re pesant sur les services et les budgets de sant\u00e9 et b\u00e9n\u00e9ficiant donc \u00e0 l'ensemble de la population.<\/p>\n<p><strong><span style=\"color: #17899b;\">Nous demandons un meilleur acc\u00e8s aux vaccins COVID-19 et aux m\u00e9dicaments pour les personnes immunod\u00e9prim\u00e9es.<\/span><\/strong><br \/>Des politiques et des recommandations solides, le renforcement des syst\u00e8mes pharmaceutiques ainsi qu'une meilleure formation des prestataires de soins de sant\u00e9 sont n\u00e9cessaires pour assurer un acc\u00e8s rapide et direct aux vaccins et aux m\u00e9dicaments COVID-19 pour les personnes immunod\u00e9prim\u00e9es. Comme l'a montr\u00e9 le d\u00e9ploiement des vaccins pendant la pand\u00e9mie, de nouvelles voies d'\u00e9valuation doivent \u00eatre mises en place d'urgence pour que les nouveaux m\u00e9dicaments soient disponibles d\u00e8s que possible apr\u00e8s leur mise au point, non seulement pour le COVID-19, mais aussi pour lutter contre les retards \u00e9vitables dans le traitement des affections primaires. L'acc\u00e8s effectif \u00e0 ces vaccins et traitements, qui implique le respect des recommandations des autorit\u00e9s sanitaires par les professionnels de sant\u00e9, est une n\u00e9cessit\u00e9 qui doit \u00eatre garantie pour les personnes immunod\u00e9prim\u00e9es. Compte tenu de l'augmentation des infections par COVID-19 et de l'\u00e9volution des variantes circulantes, nous avons besoin de ces vaccins et m\u00e9dicaments d\u00e8s maintenant.<\/p>\n<p><strong><span style=\"color: #17899b;\">Nous appelons les d\u00e9cideurs politiques \u00e0 d\u00e9finir des strat\u00e9gies claires pour prot\u00e9ger les personnes immunod\u00e9prim\u00e9es.<\/span><\/strong><br \/>Des recommandations claires, inclusives, opportunes et fond\u00e9es sur des donn\u00e9es probantes doivent \u00eatre formul\u00e9es pour les personnes immunod\u00e9prim\u00e9es, tant en ce qui concerne le COVID-19 que toute autre urgence de sant\u00e9 publique \u00e0 venir (5). Les d\u00e9cideurs politiques doivent \u00eatre conscients des besoins de la communaut\u00e9 immunod\u00e9prim\u00e9e et de leur responsabilit\u00e9 \u00e0 l'\u00e9gard de ces communaut\u00e9s - nous avons besoin d'actions d\u00e9termin\u00e9es et r\u00e9fl\u00e9chies, de la production et de l'acceptation de preuves scientifiques pertinentes et de la mise en \u0153uvre de solutions. La protection des plus vuln\u00e9rables doit rester le fondement \u00e9thique de notre soci\u00e9t\u00e9.<\/p>\n<p><span style=\"color: #17899b;\"><strong>Nous appelons \u00e0 la reconnaissance de l'importance des interventions non pharmaceutiques dans la pr\u00e9vention des infections par COVID-19.<\/strong><\/span><br \/>Il a \u00e9t\u00e9 prouv\u00e9 que les interventions non pharmaceutiques combin\u00e9es (NPI), notamment les masques, les syst\u00e8mes de distanciation et de purification de l'air, \u00e9taient importantes pour \u00e9viter les infections \u00e0 COVID-19 (6,7). Nous demandons aux d\u00e9cideurs politiques de reconna\u00eetre l'importance de ces mesures, en particulier dans les \u00e9tablissements de sant\u00e9 tels que les h\u00f4pitaux et les pharmacies, o\u00f9 les masques devraient \u00eatre obligatoires. Nous appelons \u00e9galement \u00e0 la sensibilisation et \u00e0 l'acceptation du grand public quant \u00e0 la n\u00e9cessit\u00e9 de porter des masques pour prot\u00e9ger la communaut\u00e9 immunod\u00e9prim\u00e9e. Les mandats de port de masque doivent \u00eatre reconnus comme un effort collectif de solidarit\u00e9 pour prot\u00e9ger les populations les plus vuln\u00e9rables.<\/p>\n<p><span style=\"color: #17899b;\"><strong>Nous demandons aux gouvernements de continuer \u00e0 rendre publics les niveaux r\u00e9els d'infections, d'hospitalisations et de d\u00e9c\u00e8s dus au COVID-19 dans leur pays.<\/strong><\/span><br \/>Seules des donn\u00e9es nationales communiqu\u00e9es avec pr\u00e9cision et en temps utile peuvent permettre de formuler des recommandations de sant\u00e9 publique appropri\u00e9es et de prendre des mesures efficaces contre l'aggravation de COVID-19 \u00e0 l'\u00e9chelle mondiale, en prot\u00e9geant les personnes immunod\u00e9prim\u00e9es et la soci\u00e9t\u00e9 en g\u00e9n\u00e9ral. Ces donn\u00e9es doivent \u00eatre accompagn\u00e9es d'une \u00e9valuation du risque pour les personnes immunod\u00e9prim\u00e9es.<\/p>\n<p><strong><span style=\"color: #17899b;\">Nous appelons les communaut\u00e9s de patients, les prestataires de soins de sant\u00e9 et les autorit\u00e9s sanitaires \u00e0 s'engager davantage dans l'\u00e9ducation des patients et la ma\u00eetrise de la sant\u00e9.<\/span><\/strong><br \/>Il est essentiel que les prestataires de soins de sant\u00e9, les autorit\u00e9s sanitaires et les associations de patients fournissent aux personnes immunod\u00e9prim\u00e9es et \u00e0 leur famille des informations fiables leur permettant d'\u00e9valuer leur niveau de risque individuel et de s'assurer qu'elles connaissent les voies d'acc\u00e8s aux traitements et aux soins n\u00e9cessaires.<\/p>\n<hr \/>\n<p><span style=\"color: #17899b;\"><strong><img loading=\"lazy\" decoding=\"async\" src=\"https:\/\/iian.info\/wp-content\/uploads\/2023\/10\/IAN-Network_color.png\" alt=\"\" class=\"wp-image-35 alignnone size-full\" width=\"266\" height=\"113\" \/><\/strong><\/span><\/p>\n<p><span style=\"color: #17899b;\"><strong>Nous appelons \u00e0 la reconnaissance des besoins psychosociaux de la communaut\u00e9 immunod\u00e9prim\u00e9e.<\/strong><\/span><br \/>Nous avons besoin d'inclusion, de sensibilisation et de compr\u00e9hension des besoins des personnes immunod\u00e9prim\u00e9es sur le lieu de travail et de leur offrir des opportunit\u00e9s sociales \u00e9gales sans stigmatisation, mais avec empathie et \u00e9quit\u00e9. Nous devons \u00e9galement am\u00e9liorer la sensibilisation aux besoins des personnes immunod\u00e9prim\u00e9es en mati\u00e8re de soins psychosociaux et veiller \u00e0 ce que les syst\u00e8mes de sant\u00e9 et d'aide sociale apportent un soutien appropri\u00e9 aux personnes touch\u00e9es et \u00e0 leurs familles, par exemple en leur donnant acc\u00e8s \u00e0 des services de conseil gratuits.<\/p>\n<p><strong><span style=\"color: #17899b;\">Nous appelons \u00e0 des coalitions plus fortes au sein des communaut\u00e9s immunod\u00e9prim\u00e9es.<\/span><\/strong><br \/>Des coalitions, des projets communs et des actions de coordination sont n\u00e9cessaires au sein des communaut\u00e9s d'immunod\u00e9prim\u00e9s vivant avec diff\u00e9rentes maladies et conditions, car elles seules peuvent garantir que les besoins m\u00e9dicaux et psychosociaux non satisfaits sont \u00e9nonc\u00e9s et trait\u00e9s de mani\u00e8re efficace. Un leadership fort et des objectifs d\u00e9finis devraient \u00e9merger pour renforcer les efforts de plaidoyer en tant que communaut\u00e9.<\/p>\n<p style=\"font-weight: bold; color: #333; font-size: 20px;\"><span style=\"color: #444444;\">Pourquoi avons-nous TOUS besoin de ces actions ? - Des solutions qui profitent \u00e0 tous<\/span><\/p>\n<p>Revenons en 2020 et pensons \u00e0 l'impact de la pand\u00e9mie de COVID-19 sur la vie de l'ensemble de la population, qui craint d'\u00eatre infect\u00e9e, de perdre des \u00eatres chers, de perdre son emploi, de ne pas pouvoir subvenir aux besoins de sa famille, de ne pas avoir acc\u00e8s aux soins de sant\u00e9 appropri\u00e9s et d'\u00e9viter les rendez-vous \u00e0 l'h\u00f4pital pour r\u00e9duire le risque d'attraper le COVID. Cette triste r\u00e9alit\u00e9 continue de s'appliquer \u00e0 des millions de personnes immunod\u00e9prim\u00e9es et \u00e0 leurs familles dans le monde entier, alors qu'elles affrontent un quatri\u00e8me hiver sous le coup de ces restrictions.<\/p>\n<p>Alors que la population g\u00e9n\u00e9rale commence \u00e0 se lasser d'entendre parler du COVID-19, nous - la communaut\u00e9 immunod\u00e9prim\u00e9e mondiale - restons expos\u00e9s \u00e0 un risque \u00e9lev\u00e9 d'hospitalisation prolong\u00e9e et d'issue d\u00e9favorable en cas d'infection par le COVID-19, et la menace pour la sant\u00e9 publique mondiale est toujours consid\u00e9r\u00e9e comme \u00e9lev\u00e9e (8). Cela nous emp\u00eache de mener une vie normale, de participer \u00e0 la soci\u00e9t\u00e9 et d'aller travailler. L'acc\u00e8s aux soins de sant\u00e9 de base pour les affections primaires, en raison de la lev\u00e9e des mesures de s\u00e9curit\u00e9 contre la contamination par le COVID-19 dans les \u00e9tablissements de soins, est d\u00e9sormais une activit\u00e9 \u00e0 haut risque. Ces obstacles ne s'arr\u00eatent pas \u00e0 nous, mais s'\u00e9tendent au mode de vie de nos familles et de nos proches, ce qui p\u00e8se lourdement sur leur sant\u00e9 et sur notre sant\u00e9 mentale (9,10). Ces in\u00e9galit\u00e9s alimentent notre incapacit\u00e9 collective \u00e0 participer et \u00e0 contribuer \u00e0 la soci\u00e9t\u00e9, ce qui p\u00e8se lourdement sur l'\u00e9conomie des pays du monde entier, tandis que nos longs s\u00e9jours \u00e0 l'h\u00f4pital apr\u00e8s avoir attrap\u00e9 le virus nuisent \u00e0 l'efficacit\u00e9 des syst\u00e8mes de sant\u00e9 (11). En outre, en raison de l'incapacit\u00e9 \u00e0 lutter efficacement contre les infections par COVID-19, l'absence de protection et de traitement appropri\u00e9s pour les personnes immunod\u00e9prim\u00e9es accro\u00eet le risque de mutations virales et de nouvelles variantes qui peuvent \u00eatre dangereuses pour l'ensemble de la population et entra\u00eener d'autres fermetures (12).<\/p>\n<p>Compte tenu de tout ce qui pr\u00e9c\u00e8de, il est \u00e9videmment dans l'int\u00e9r\u00eat de l'ensemble de la population de placer d'urgence les besoins des personnes immunod\u00e9prim\u00e9es au premier plan des recommandations, des politiques et des priorit\u00e9s de recherche en mati\u00e8re de soins de sant\u00e9. L'adoption de ces mesures est b\u00e9n\u00e9fique pour les gouvernements, les services de sant\u00e9, l'\u00e9conomie et l'ensemble de la population. Elles contribueront \u00e0 r\u00e9duire la pression sur les ressources et les budgets de sant\u00e9, \u00e0 faciliter l'acc\u00e8s aux soins pour les autres, \u00e0 r\u00e9duire le risque de mutations virales et \u00e0 permettre \u00e0 une partie importante de la population de r\u00e9int\u00e9grer l'\u00e9conomie en termes d'emploi et de d\u00e9penses. Il est maintenant temps que les instances dirigeantes, les d\u00e9cideurs politiques, les chercheurs, la communaut\u00e9 pharmaceutique, les professionnels de la sant\u00e9, les communaut\u00e9s de patients et le grand public fassent leur part pour que les personnes immunod\u00e9prim\u00e9es et leurs familles aient une chance de mener ce qui, pour d'autres, est une vie normale, et d'\u00e9liminer cette in\u00e9galit\u00e9 tout en b\u00e9n\u00e9ficiant \u00e0 l'ensemble de la soci\u00e9t\u00e9.<\/p>\n<hr \/>\n<p><strong><img loading=\"lazy\" decoding=\"async\" src=\"https:\/\/iian.info\/wp-content\/uploads\/2023\/10\/IAN-Network_color.png\" alt=\"\" class=\"wp-image-35 alignnone size-full\" width=\"266\" height=\"113\" \/><\/strong><\/p>\n<p><strong>Bibliographie<\/strong><\/p>\n<ol>\n<li>Turtle, Lance, et al. \"Outcome of COVID-19 in Hospitalised Immunocompromised Patients : An Analysis of the WHO ISARIC CCP-UK Prospective Cohort Study\". PLOS Medicine, vol. 20, no. 1, 31 janvier 2023, pp. e1004086-e1004086, <a href=\"https:\/\/doi.org\/10.1371\/journal.pmed.1004086\" target=\"_blank\" rel=\"noopener\">https:\/\/doi.org\/10.1371\/journal.pmed.1004086<\/a><\/li>\n<li>Amita Girish Ketkar, et al. \"Assessing the Risk and Costs of COVID-19 in Immunocompromised Populations in a Large United States Commercial Insurance Health Plan : The EPOCH-US Study\". Current Medical Research and Opinion, vol. 39, no. 8, 17 juillet 2023, pp. 1103-1118, <a href=\"https:\/\/doi.org\/10.1080\/03007995.2023.2233819\" target=\"_blank\" rel=\"noopener\">https:\/\/doi.org\/10.1080\/03007995.2023.2233819<\/a><\/li>\n<li>Lee, Ainsley Ryan Yan Bin, et al. \"Efficacit\u00e9 des vaccins Covid-19 chez les patients immunod\u00e9prim\u00e9s : Systematic Review and Meta-Analysis\". BMJ, vol. 376, 2 mars 2022, p. e068632, <a href=\"https:\/\/doi.org\/10.1136\/bmj-2021-068632\" target=\"_blank\" rel=\"noopener\">https:\/\/doi.org\/10.1136\/bmj-2021-068632<\/a><\/li>\n<li>Shoham, Shmuel, et al. \"Vaccins et th\u00e9rapeutiques pour les patients immunod\u00e9prim\u00e9s atteints de COVID-19\". EClinicalMedicine, vol. 59, 1er mai 2023, p. 101965, pubmed.ncbi.nlm.nih.gov\/37070102\/, <a href=\"https:\/\/doi.org\/10.1016\/j.eclinm.2023.101965\" target=\"_blank\" rel=\"noopener\">https:\/\/doi.org\/10.1016\/j.eclinm.2023.101965<\/a><\/li>\n<li>La pand\u00e9mie de Covid-19 : Lessons learned and recommendations for the future (pas de date) europarl.europa.eu. Disponible \u00e0 l'adresse suivante : <a href=\"https:\/\/www.europarl.europa.eu\/doceo\/document\/TA-9-2023-0282_EN.html\">https:\/\/www.europarl.europa.eu\/doceo\/document\/TA-9-2023-0282_EN.html <\/a>(consult\u00e9 le 24 ao\u00fbt 2023).<\/li>\n<li>The Royal Society. \"The Royal Society's Programme on the Impact of Non-Pharmaceutical Interventions on Covid-19 Transmission. Royalsociety.org, 24 ao\u00fbt 2023, royalsociety.org\/topics- policy\/projects\/impact-non-pharmaceutical-interventions-on-covid-19-transmission\/<\/li>\n<li>Media, P. A. \"Lockdowns and Face Masks \"Unequivocally\" Cut Spread of Covid, Report Finds\". The Guardian, 24 ao\u00fbt 2023, <a href=\"https:\/\/www.theguardian.com\/world\/2023\/aug\/24\/lockdowns-face-masks-%20unequivocally-cut-spread-covid-study-finds\" target=\"_blank\" rel=\"noopener\">https:\/\/www.theguardian.com\/world\/2023\/aug\/24\/lockdowns-face-masks- unequivocally-cut-spread-covid-study-finds<\/a><\/li>\n<li>Remarques liminaires du directeur g\u00e9n\u00e9ral de l'OMS lors de la s\u00e9ance d'information aux m\u00e9dias - 9 ao\u00fbt 2023 (sans date) Organisation mondiale de la sant\u00e9. Disponible \u00e0 l'adresse suivante : <a href=\"https:\/\/www.who.int\/director-general\/speeches\/detail\/who-director-general-s-%20opening-remarks-at-the-media-briefing---9-august-2023\" target=\"_blank\" rel=\"noopener\">https:\/\/www.who.int\/director-general\/speeches\/detail\/who-director-general-s- opening-remarks-at-the-media-briefing-9-august-2023<\/a>\u00a0 (consult\u00e9 le 24 ao\u00fbt 2023).<\/li>\n<li>Fortune, Erica E., et al. \" Perceived COVID-19 Pandemic Impact and Protective Factors Predicting Patient-Reported Depression and Anxiety in Individuals Living with Cancer \" (Perception de l'impact de la pand\u00e9mie de COVID-19 et facteurs de protection pr\u00e9disant la d\u00e9pression et l'anxi\u00e9t\u00e9 signal\u00e9es par les patients chez les personnes atteintes d'un cancer). Journal of Patient-Reported Outcomes, vol. 7, no. 1, 1er d\u00e9cembre 2023, <a href=\"https:\/\/doi.org\/10.1186\/s41687-023-00571-1\" target=\"_blank\" rel=\"noopener\">https:\/\/doi.org\/10.1186\/s41687-023-00571-1<\/a><\/li>\n<li>Lindoso, Livia, et al. \"Physical and Mental Health Impacts during COVID-19 Quarantine in Adolescents with Preexisting Chronic Immunocompromised Conditions\". Jornal de Pediatria, 12 octobre 2021, <a href=\"https:\/\/doi.org\/10.1016\/j.jped.2021.09.002\" target=\"_blank\" rel=\"noopener\">https:\/\/doi.org\/10.1016\/j.jped.2021.09.002<\/a><\/li>\n<li>DeMartino, Jessica K, et al. \"Direct Health Care Costs Associated with COVID-19 in the United States\". Journal of Managed Care &amp; Specialty Pharmacy, vol. 28, no. 9, Sept. 2022, pp. 936-947, <a href=\"https:\/\/doi.org\/10.18553\/jmcp.2022.22050\" target=\"_blank\" rel=\"noopener\">https:\/\/doi.org\/10.18553\/jmcp.2022.22050<\/a><\/li>\n<li>Corey, L. et al. (2021) \"SARS-COV-2 variants in patients with immunosuppression\", New England Journal of Medicine, 385(6), pp. 562-566... <a href=\"https:\/\/doi.org\/10.1056\/nejmsb2104756\" target=\"_blank\" rel=\"noopener\">https:\/\/doi.org\/10.1056\/nejmsb2104756<\/a><\/li>\n<\/ol>\n<p>&nbsp;<\/p>\n<p>[\/et_pb_toggle][\/et_pb_column][\/et_pb_row][\/et_pb_section][et_pb_section fb_built=&#8221;1&#8243; _builder_version=&#8221;4.22.2&#8243; _module_preset=&#8221;default&#8221; background_color=&#8221;#fbfbfb&#8221; background_image=&#8221;https:\/\/iian.info\/wp-content\/uploads\/2023\/10\/IAN-Network_ICON_GREY_3000px.png&#8221; background_size=&#8221;custom&#8221; background_image_width=&#8221;40%&#8221; background_position=&#8221;top_center&#8221; background_vertical_offset=&#8221;10%&#8221; custom_padding=&#8221;34px||||false|false&#8221; global_colors_info=&#8221;{}&#8221;][et_pb_row column_structure=&#8221;1_2,1_2&#8243; _builder_version=&#8221;4.22.2&#8243; _module_preset=&#8221;default&#8221; background_enable_image=&#8221;off&#8221; background_size=&#8221;custom&#8221; background_image_width=&#8221;500px&#8221; background_position=&#8221;top_right&#8221; custom_padding=&#8221;||||false|false&#8221; global_colors_info=&#8221;{}&#8221;][et_pb_column type=&#8221;1_2&#8243; _builder_version=&#8221;4.22.2&#8243; _module_preset=&#8221;default&#8221; global_colors_info=&#8221;{}&#8221;][et_pb_text _builder_version=&#8221;4.22.2&#8243; _module_preset=&#8221;default&#8221; header_font=&#8221;|600|||||||&#8221; header_text_color=&#8221;#17899B&#8221; header_2_font=&#8221;|600|||||||&#8221; header_2_text_color=&#8221;#17899B&#8221; header_2_font_size=&#8221;30px&#8221; global_colors_info=&#8221;{}&#8221;]<\/p>\n<h1>Appel \u00e0 l'action de l'IIAN - Contexte<\/h1>\n<p>Les gouvernements, les autorit\u00e9s sanitaires et les organisations ont d\u00e9clar\u00e9 la fin de la pand\u00e9mie de COVID-19 \u00e0 une vitesse fulgurante. Cependant, cette transition, d\u00e9pourvue de mesures de pr\u00e9caution et d'approches adapt\u00e9es aux besoins divers d'une population m\u00e9dicalement h\u00e9t\u00e9rog\u00e8ne, a laiss\u00e9 un nombre consid\u00e9rable de personnes sur le carreau.<\/p>\n<p>Pour nous, qui sommes particuli\u00e8rement vuln\u00e9rables \u00e0 une \u00e9volution grave de la maladie COVID-19 en raison d'un syst\u00e8me immunitaire affaibli, ce changement a entra\u00een\u00e9 r\u00e9signation et d\u00e9sillusion, poussant de nombreuses personnes \u00e0 s'isoler du monde et de leur vie sociale pour prot\u00e9ger leur sant\u00e9.<\/p>\n<p>\u00c0 la lumi\u00e8re de ces d\u00e9veloppements et afin de plaider pour la protection des personnes dont le syst\u00e8me immunitaire est compromis, ainsi que pour attirer l'attention sur les besoins non satisfaits et les d\u00e9fis de cette population, nous lan\u00e7ons un \"appel \u00e0 l'action\" demandant des changements fondamentaux dans la politique de sant\u00e9 et la fourniture de soins de sant\u00e9, en sugg\u00e9rant des solutions concr\u00e8tes aux d\u00e9cideurs politiques et aux autres parties prenantes. Nous sommes convaincus que ces solutions peuvent apporter des avantages socio-\u00e9conomiques et sanitaires non seulement aux personnes immunod\u00e9prim\u00e9es, mais aussi \u00e0 l'ensemble de la soci\u00e9t\u00e9, et qu'elles pourraient jeter les bases de futures actions significatives et de changements dans la politique de sant\u00e9 et la prestation de soins de sant\u00e9.<\/p>\n<p>[\/et_pb_text][\/et_pb_column][et_pb_column type=&#8221;1_2&#8243; _builder_version=&#8221;4.22.2&#8243; _module_preset=&#8221;default&#8221; global_colors_info=&#8221;{}&#8221;][et_pb_text _builder_version=&#8221;4.22.2&#8243; _module_preset=&#8221;default&#8221; header_2_font=&#8221;|600|||||||&#8221; header_2_text_color=&#8221;#17899B&#8221; header_2_font_size=&#8221;30px&#8221; custom_margin=&#8221;40px||||false|false&#8221; custom_margin_tablet=&#8221;0px||||false|false&#8221; custom_margin_phone=&#8221;0px||||false|false&#8221; custom_margin_last_edited=&#8221;on|desktop&#8221; locked=&#8221;off&#8221; global_colors_info=&#8221;{}&#8221;]<\/p>\n<p>Parmi les th\u00e8mes importants de cet appel \u00e0 l'action figurent, par exemple, l'am\u00e9lioration de l'acc\u00e8s aux vaccins et aux traitements contre le COVID-19, ainsi que des interventions non pharmaceutiques et un mod\u00e8le adaptable de d\u00e9finition de l'expression \"\u00eatre immunod\u00e9prim\u00e9\" pour permettre aux pays de l'adapter \u00e0 leur situation et \u00e0 leurs syst\u00e8mes nationaux.<\/p>\n<p>L'IIAN estime que l'adoption de ce que nous proposons dans cet appel \u00e0 l'action profitera aux gouvernements, aux prestataires de soins de sant\u00e9, \u00e0 l'\u00e9conomie et \u00e0 la population en g\u00e9n\u00e9ral, car elle contribuera \u00e0 r\u00e9duire la charge qui p\u00e8se sur les ressources et les budgets de sant\u00e9, \u00e0 am\u00e9liorer l'acc\u00e8s aux soins de sant\u00e9 pour tous, \u00e0 r\u00e9duire le risque de mutations virales et \u00e0 permettre \u00e0 une partie importante de la population de retourner sur le march\u00e9 de l'emploi. En outre, les changements propos\u00e9s peuvent contribuer \u00e0 cr\u00e9er un cadre qui soutienne tout le monde de la m\u00eame mani\u00e8re en cas de crise sanitaire future.<\/p>\n<p>[\/et_pb_text][et_pb_text disabled_on=&#8221;off|off|off&#8221; _builder_version=&#8221;4.22.2&#8243; _module_preset=&#8221;default&#8221; link_text_color=&#8221;#17899B&#8221; text_orientation=&#8221;center&#8221; custom_padding=&#8221;9px|10px|9px|10px|true|true&#8221; border_radii=&#8221;on|5px|5px|5px|5px&#8221; border_width_all=&#8221;2px&#8221; border_color_all=&#8221;#17899B&#8221; box_shadow_style=&#8221;preset1&#8243; box_shadow_spread=&#8221;-10px&#8221; locked=&#8221;off&#8221; global_colors_info=&#8221;{}&#8221; background__hover_enabled=&#8221;off|hover&#8221; text_text_color__hover_enabled=&#8221;off|desktop&#8221; link_text_color__hover_enabled=&#8221;on|hover&#8221; link_text_color__hover=&#8221;#17899B&#8221;]<\/p>\n<p>Si vous souhaitez soutenir notre cause et rejoindre cette voix mondiale des personnes immunod\u00e9prim\u00e9es, <a href=\"https:\/\/www.iian.info\/fr\/endorse-the-call-to-action\/\"><u>Soutenez notre appel \u00e0 l'action<\/u><\/a>!<\/p>\n<p>[\/et_pb_text][et_pb_blurb title=&#8221;Download PDF version&#8221; url=&#8221;https:\/\/iian.info\/wp-content\/uploads\/2023\/10\/IIAN_Call_to_Action.pdf&#8221; url_new_window=&#8221;on&#8221; use_icon=&#8221;on&#8221; font_icon=&#8221;&#x68;||divi||400&#8243; icon_color=&#8221;#17899B&#8221; icon_placement=&#8221;left&#8221; image_icon_width=&#8221;50px&#8221; _builder_version=&#8221;4.22.2&#8243; _module_preset=&#8221;default&#8221; header_font=&#8221;||||on||||&#8221; header_text_color=&#8221;#17899B&#8221; custom_padding=&#8221;20px|20px|20px|20px|true|true&#8221; link_option_url=&#8221;https:\/\/iian.info\/wp-content\/uploads\/2023\/10\/IIAN_Call_to_Action.pdf&#8221; link_option_url_new_window=&#8221;on&#8221; border_radii=&#8221;on|5px|5px|5px|5px&#8221; border_width_all=&#8221;2px&#8221; border_color_all=&#8221;#17899B&#8221; box_shadow_style=&#8221;preset1&#8243; box_shadow_spread=&#8221;-10px&#8221; global_colors_info=&#8221;{}&#8221; background__hover_enabled=&#8221;on|hover&#8221; background_color__hover=&#8221;#17899B&#8221; background_enable_color__hover=&#8221;on&#8221; header_text_color__hover_enabled=&#8221;on|hover&#8221; header_text_color__hover=&#8221;#ffffff&#8221; icon_color__hover_enabled=&#8221;on|desktop&#8221; icon_color__hover=&#8221;#ffffff&#8221;][\/et_pb_blurb][\/et_pb_column][\/et_pb_row][\/et_pb_section]<\/p>","protected":false},"excerpt":{"rendered":"<p>Call to Action by the Immunocompromised Communityin the Wake of the COVID-19 Pandemic Background Although the world has moved into the endemic phase of COVID-19, people living with compromised immunity remain at high risk of severe disease course and resultant health complications, long hospitalisation, and even death after catching the virus (1). This puts an [&hellip;]<\/p>","protected":false},"author":1,"featured_media":0,"parent":0,"menu_order":0,"comment_status":"closed","ping_status":"closed","template":"","meta":{"_et_pb_use_builder":"on","_et_pb_old_content":"","_et_gb_content_width":"","inline_featured_image":false,"footnotes":""},"class_list":["post-188","page","type-page","status-publish","hentry"],"yoast_head":"<!-- This site is optimized with the Yoast SEO plugin v21.3 - https:\/\/yoast.com\/wordpress\/plugins\/seo\/ -->\n<title>IIAN Call To Action - International Immunocompromised Advocacy Network<\/title>\n<meta name=\"description\" content=\"We \u2013 the immunocompromised people \u2013 are now announcing this Call to Action to state our unmet needs and challenges in the wake of the COVID-19 pandemic and to propose positive solutions to policymakers and other relevant stakeholders.\" \/>\n<meta name=\"robots\" content=\"index, follow, max-snippet:-1, max-image-preview:large, max-video-preview:-1\" \/>\n<link rel=\"canonical\" href=\"https:\/\/www.iian.info\/fr\/iian-call-to-action\/\" \/>\n<meta property=\"og:locale\" content=\"fr_FR\" \/>\n<meta property=\"og:type\" content=\"article\" \/>\n<meta property=\"og:title\" content=\"IIAN Call to Action\" \/>\n<meta property=\"og:description\" content=\"We \u2013 the immunocompromised people \u2013 are now announcing this Call to Action to state our unmet needs and challenges in the wake of the COVID-19 pandemic and to propose positive solutions to policymakers and other relevant stakeholders.\" \/>\n<meta property=\"og:url\" content=\"https:\/\/www.iian.info\/fr\/iian-call-to-action\/\" \/>\n<meta property=\"og:site_name\" content=\"International Immunocompromised Advocacy Network\" \/>\n<meta property=\"article:modified_time\" content=\"2024-12-05T14:41:38+00:00\" \/>\n<meta property=\"og:image\" content=\"https:\/\/www.iian.info\/wp-content\/uploads\/2023\/10\/FB-03-See-the-call-to-action-1.png\" \/>\n\t<meta property=\"og:image:width\" content=\"2500\" \/>\n\t<meta property=\"og:image:height\" content=\"1313\" \/>\n\t<meta property=\"og:image:type\" content=\"image\/png\" \/>\n<meta name=\"twitter:card\" content=\"summary_large_image\" \/>\n<meta name=\"twitter:title\" content=\"IIAN Call to Action\" \/>\n<meta name=\"twitter:description\" content=\"We \u2013 the immunocompromised people \u2013 are now announcing this Call to Action to state our unmet needs and challenges in the wake of the COVID-19 pandemic and to propose positive solutions to policymakers and other relevant stakeholders.\" \/>\n<meta name=\"twitter:image\" content=\"https:\/\/www.iian.info\/wp-content\/uploads\/2023\/10\/FB-03-See-the-call-to-action-1.png\" \/>\n<meta name=\"twitter:label1\" content=\"Dur\u00e9e de lecture estim\u00e9e\" \/>\n\t<meta name=\"twitter:data1\" content=\"12 minutes\" \/>\n<script type=\"application\/ld+json\" class=\"yoast-schema-graph\">{\"@context\":\"https:\/\/schema.org\",\"@graph\":[{\"@type\":\"WebPage\",\"@id\":\"https:\/\/www.iian.info\/iian-call-to-action\/\",\"url\":\"https:\/\/www.iian.info\/iian-call-to-action\/\",\"name\":\"IIAN Call To Action - International Immunocompromised Advocacy Network\",\"isPartOf\":{\"@id\":\"https:\/\/www.iian.info\/#website\"},\"datePublished\":\"2023-10-05T08:25:35+00:00\",\"dateModified\":\"2024-12-05T14:41:38+00:00\",\"description\":\"We \u2013 the immunocompromised people \u2013 are now announcing this Call to Action to state our unmet needs and challenges in the wake of the COVID-19 pandemic and to propose positive solutions to policymakers and other relevant stakeholders.\",\"inLanguage\":\"fr-FR\",\"potentialAction\":[{\"@type\":\"ReadAction\",\"target\":[\"https:\/\/www.iian.info\/iian-call-to-action\/\"]}]},{\"@type\":\"WebSite\",\"@id\":\"https:\/\/www.iian.info\/#website\",\"url\":\"https:\/\/www.iian.info\/\",\"name\":\"International Immunocompromised Advocacy Network\",\"description\":\"\",\"potentialAction\":[{\"@type\":\"SearchAction\",\"target\":{\"@type\":\"EntryPoint\",\"urlTemplate\":\"https:\/\/www.iian.info\/?s={search_term_string}\"},\"query-input\":\"required name=search_term_string\"}],\"inLanguage\":\"fr-FR\"}]}<\/script>\n<!-- \/ Yoast SEO plugin. -->","yoast_head_json":{"title":"IIAN Call To Action - International Immunocompromised Advocacy Network","description":"We \u2013 the immunocompromised people \u2013 are now announcing this Call to Action to state our unmet needs and challenges in the wake of the COVID-19 pandemic and to propose positive solutions to policymakers and other relevant stakeholders.","robots":{"index":"index","follow":"follow","max-snippet":"max-snippet:-1","max-image-preview":"max-image-preview:large","max-video-preview":"max-video-preview:-1"},"canonical":"https:\/\/www.iian.info\/fr\/iian-call-to-action\/","og_locale":"fr_FR","og_type":"article","og_title":"IIAN Call to Action","og_description":"We \u2013 the immunocompromised people \u2013 are now announcing this Call to Action to state our unmet needs and challenges in the wake of the COVID-19 pandemic and to propose positive solutions to policymakers and other relevant stakeholders.","og_url":"https:\/\/www.iian.info\/fr\/iian-call-to-action\/","og_site_name":"International Immunocompromised Advocacy Network","article_modified_time":"2024-12-05T14:41:38+00:00","og_image":[{"width":2500,"height":1313,"url":"https:\/\/www.iian.info\/wp-content\/uploads\/2023\/10\/FB-03-See-the-call-to-action-1.png","type":"image\/png"}],"twitter_card":"summary_large_image","twitter_title":"IIAN Call to Action","twitter_description":"We \u2013 the immunocompromised people \u2013 are now announcing this Call to Action to state our unmet needs and challenges in the wake of the COVID-19 pandemic and to propose positive solutions to policymakers and other relevant stakeholders.","twitter_image":"https:\/\/www.iian.info\/wp-content\/uploads\/2023\/10\/FB-03-See-the-call-to-action-1.png","twitter_misc":{"Dur\u00e9e de lecture estim\u00e9e":"12 minutes"},"schema":{"@context":"https:\/\/schema.org","@graph":[{"@type":"WebPage","@id":"https:\/\/www.iian.info\/iian-call-to-action\/","url":"https:\/\/www.iian.info\/iian-call-to-action\/","name":"IIAN Call To Action - International Immunocompromised Advocacy Network","isPartOf":{"@id":"https:\/\/www.iian.info\/#website"},"datePublished":"2023-10-05T08:25:35+00:00","dateModified":"2024-12-05T14:41:38+00:00","description":"We \u2013 the immunocompromised people \u2013 are now announcing this Call to Action to state our unmet needs and challenges in the wake of the COVID-19 pandemic and to propose positive solutions to policymakers and other relevant stakeholders.","inLanguage":"fr-FR","potentialAction":[{"@type":"ReadAction","target":["https:\/\/www.iian.info\/iian-call-to-action\/"]}]},{"@type":"WebSite","@id":"https:\/\/www.iian.info\/#website","url":"https:\/\/www.iian.info\/","name":"International Immunocompromised Advocacy Network","description":"","potentialAction":[{"@type":"SearchAction","target":{"@type":"EntryPoint","urlTemplate":"https:\/\/www.iian.info\/?s={search_term_string}"},"query-input":"required name=search_term_string"}],"inLanguage":"fr-FR"}]}},"_links":{"self":[{"href":"https:\/\/www.iian.info\/fr\/wp-json\/wp\/v2\/pages\/188","targetHints":{"allow":["GET"]}}],"collection":[{"href":"https:\/\/www.iian.info\/fr\/wp-json\/wp\/v2\/pages"}],"about":[{"href":"https:\/\/www.iian.info\/fr\/wp-json\/wp\/v2\/types\/page"}],"author":[{"embeddable":true,"href":"https:\/\/www.iian.info\/fr\/wp-json\/wp\/v2\/users\/1"}],"replies":[{"embeddable":true,"href":"https:\/\/www.iian.info\/fr\/wp-json\/wp\/v2\/comments?post=188"}],"version-history":[{"count":57,"href":"https:\/\/www.iian.info\/fr\/wp-json\/wp\/v2\/pages\/188\/revisions"}],"predecessor-version":[{"id":1164,"href":"https:\/\/www.iian.info\/fr\/wp-json\/wp\/v2\/pages\/188\/revisions\/1164"}],"wp:attachment":[{"href":"https:\/\/www.iian.info\/fr\/wp-json\/wp\/v2\/media?parent=188"}],"curies":[{"name":"wp","href":"https:\/\/api.w.org\/{rel}","templated":true}]}}