{"id":696,"date":"2023-10-12T10:02:00","date_gmt":"2023-10-12T10:02:00","guid":{"rendered":"https:\/\/iian.info\/?page_id=696"},"modified":"2023-10-14T08:55:19","modified_gmt":"2023-10-14T08:55:19","slug":"imprint","status":"publish","type":"page","link":"https:\/\/www.iian.info\/fr\/imprint\/","title":{"rendered":"Impression"},"content":{"rendered":"<p>[et_pb_section fb_built=&#8221;1&#8243; _builder_version=&#8221;4.22.2&#8243; _module_preset=&#8221;c290b1bf-7cd9-4007-aa7b-3bbbeee58732&#8243; global_colors_info=&#8221;{}&#8221;][et_pb_row _builder_version=&#8221;4.22.2&#8243; _module_preset=&#8221;default&#8221; background_enable_image=&#8221;off&#8221; background_size=&#8221;custom&#8221; background_image_width=&#8221;500px&#8221; background_position=&#8221;top_right&#8221; custom_padding=&#8221;||||false|false&#8221; global_colors_info=&#8221;{}&#8221;][et_pb_column type=&#8221;4_4&#8243; _builder_version=&#8221;4.22.2&#8243; _module_preset=&#8221;default&#8221; global_colors_info=&#8221;{}&#8221;][et_pb_text _builder_version=&#8221;4.22.2&#8243; _module_preset=&#8221;default&#8221; header_font=&#8221;|600|||||||&#8221; header_text_color=&#8221;#17899B&#8221; header_2_font=&#8221;|600|||||||&#8221; header_2_text_color=&#8221;#17899B&#8221; header_2_font_size=&#8221;30px&#8221; global_colors_info=&#8221;{}&#8221;]<\/p>\n<h1>Mentions l\u00e9gales<\/h1>\n<p>Institut europ\u00e9en de d\u00e9fense des patients gUG<br \/>\nAdresse : Am Rothenanger 1b<br \/>\nD-85521 Riemerling<br \/>\nCourriel : <a href=\"mailto:info@iian.info\">info@iian.info<\/a><br \/>\nLegal representative: Jan Geissler, Managing Director[\/et_pb_text][et_pb_text _builder_version=&#8221;4.22.2&#8243; _module_preset=&#8221;default&#8221; header_font=&#8221;|600|||||||&#8221; header_text_color=&#8221;#17899B&#8221; header_2_font=&#8221;|600|||||||&#8221; header_2_text_color=&#8221;#17899B&#8221; header_2_font_size=&#8221;30px&#8221; custom_margin=&#8221;||||false|false&#8221; custom_padding=&#8221;21px|||||&#8221; global_colors_info=&#8221;{}&#8221;]<\/p>\n<h2>Politique de confidentialit\u00e9<\/h2>\n<p>Nous vous remercions de votre visite sur le site IIAN.info. Cette politique de confidentialit\u00e9 explique comment l'Institut europ\u00e9en de d\u00e9fense des patients utilise les donn\u00e9es personnelles que nous recueillons aupr\u00e8s de vous lorsque vous utilisez notre site web. Si les r\u00e9ponses \u00e0 vos questions sur le traitement des donn\u00e9es sont insuffisantes, nous nous ferons un plaisir d'y r\u00e9pondre par courrier \u00e9lectronique. Veuillez nous contacter \u00e0 l'adresse \u00e9lectronique suivante : <a href=\"mailto:info@iian.info\">info@iian.info<\/a><\/p>\n<p><strong>Responsable au sens du r\u00e8glement g\u00e9n\u00e9ral europ\u00e9en sur la protection des donn\u00e9es (RGPD).<\/strong>:<br \/>Institut europ\u00e9en de d\u00e9fense des patients gUG<br \/>Am Rothenanger 1b<br \/>85521 Riemerling<br \/>Allemagne<br \/>E-Mail : <a href=\"mailto:info@patientadvocacy.eu\">info@patientadvocacy.eu<\/a><\/p>\n<p>Pour fournir un service web, c'est-\u00e0-dire la pr\u00e9sentation du contenu de notre site web dans le navigateur de votre ordinateur ou de votre appareil mobile, nous devons stocker des d\u00e9tails techniques sp\u00e9cifiques temporaires.<\/p>\n<p>Les donn\u00e9es suivantes sont enregistr\u00e9es :<\/p>\n<ul>\n<li>votre adresse IP,<\/li>\n<li>votre date d'acc\u00e8s,<\/li>\n<li>la ressource demand\u00e9e,<\/li>\n<li>votre statut,<\/li>\n<li>la quantit\u00e9 de donn\u00e9es transf\u00e9r\u00e9es et la dur\u00e9e de la transmission des donn\u00e9es ;<\/li>\n<li>l'origine\/le lieu de votre demande,<\/li>\n<li>le nom et la version de votre logiciel de navigation<\/li>\n<\/ul>\n<p>Les donn\u00e9es collect\u00e9es sont enregistr\u00e9es dans ce que l'on appelle les fichiers journaux du serveur. Des \u00e9valuations statistiques permettent de s'assurer que les donn\u00e9es collect\u00e9es garantissent le bon fonctionnement du site web.<br \/>Si nous obtenons des indications concr\u00e8tes d'une utilisation ill\u00e9gale de notre service web, nous traiterons \u00e9galement les donn\u00e9es collect\u00e9es ci-dessus dans le but de d\u00e9tecter les abus et de les suivre.<br \/>En r\u00e8gle g\u00e9n\u00e9rale, ces journaux de serveur sont supprim\u00e9s au bout de 8 jours.<br \/>Cette analyse \u00e9largie des donn\u00e9es techniques par rapport aux personnes est refl\u00e9t\u00e9e dans l'article 6, paragraphe 6, de la directive sur la protection des donn\u00e9es. 6 para. 1 lit. f GDPR (en allemand Datenschutz-Grundverordnung, DGSVO).<\/p>\n<p><strong>Donn\u00e9es personnelles transf\u00e9r\u00e9es :<\/strong><\/p>\n<p>En principe, nous n'enregistrons vos donn\u00e9es personnelles que si vous nous les communiquez. Dans ce contexte, nous nous r\u00e9f\u00e9rons \u00e0 l'art. 6 para. 1 lit. a du RGPD.<br \/>Pour diverses raisons, nous ne collectons que les donn\u00e9es qui sont actuellement n\u00e9cessaires pour fournir les services web (par exemple, lettre d'information, acc\u00e8s \u00e0 un forum, etc.) ou votre demande (par exemple, via un formulaire de contact ou par courrier \u00e9lectronique, etc.) Les formulaires d'enregistrement ou de contact sont divis\u00e9s en deux cat\u00e9gories : les informations n\u00e9cessaires (marqu\u00e9es comme obligatoires) et les informations facultatives. Les donn\u00e9es \u00e0 caract\u00e8re personnel transmises dans ce contexte seront utilis\u00e9es exclusivement aux fins pr\u00e9vues par vous. Si vous nous contactez via les options de contact propos\u00e9es sur le site web, vos donn\u00e9es seront stock\u00e9es afin d'\u00eatre utilis\u00e9es pour traiter et r\u00e9pondre \u00e0 votre demande. Ces donn\u00e9es seront utilis\u00e9es dans le cadre de cette finalit\u00e9 limit\u00e9e et seront supprim\u00e9es une fois la finalit\u00e9 atteinte.<\/p>\n<p><strong>Nous utilisons des cookies sur notre site web :<\/strong><br \/>Ce site web utilise des cookies pour rendre votre visite aussi agr\u00e9able que possible. Un cookie est un petit \u00e9l\u00e9ment d'information qui est stock\u00e9 localement sur votre ordinateur.<br \/>Nous utilisons deux cat\u00e9gories de cookies :<br \/>a) les cookies techniquement n\u00e9cessaires<br \/>Chaque fois que vous visitez notre site web, un num\u00e9ro de session unique est attribu\u00e9 pour cet appel. Ce cookie doit contribuer \u00e0 ce que la communication entre le serveur web et votre navigateur fonctionne sans heurts et z. Par exemple, les processus d'inscription, d'enregistrement et de commande sont trait\u00e9s correctement.<br \/>b) les cookies fonctionnels<br \/>Afin de pouvoir sauvegarder certaines pr\u00e9f\u00e9rences que vous avez faites sur notre site web, nous utilisons des cookies fonctionnels. Ces pr\u00e9r\u00e9glages seront rappel\u00e9s lors de votre prochaine visite sur notre site web et vous permettront : Par exemple, vous pouvez naviguer rapidement vers un contenu sp\u00e9cifique de notre site web ou vous souvenir des informations de connexion pour les zones ferm\u00e9es du site.<\/p>\n<p><strong>Comment g\u00e9rer les cookies<\/strong>:<br \/>Vous pouvez param\u00e9trer votre navigateur pour qu'il n'accepte pas les cookies, et le site web susmentionn\u00e9 vous explique comment supprimer les cookies de votre navigateur. Vous avez la possibilit\u00e9 d'emp\u00eacher le stockage de cookies sur votre appareil en effectuant les r\u00e9glages appropri\u00e9s dans votre navigateur. Ces param\u00e8tres pr\u00e9d\u00e9finis (par exemple \"Do Not Track\", etc.) sont respect\u00e9s par nous en tout \u00e9tat de cause. Toutefois, il se peut que vous ne puissiez pas acc\u00e9der \u00e0 toutes les fonctionnalit\u00e9s de ce site web sans restriction si votre navigateur n'autorise pas les cookies.<br \/>En outre, nous n'utilisons pas de m\u00e9thodes qui incluent la prise de d\u00e9cision automatis\u00e9e, y compris le profilage i. P. V. Fournir ou soutenir l'article 22 (1) et (4) GDPR. Nous ne nous appuyons pas non plus sur des sources de donn\u00e9es tierces pour identifier nos visiteurs.<\/p>\n<p><strong>Politiques de confidentialit\u00e9 d'autres sites web<\/strong>:<br \/>Ce site web contient des liens vers d'autres sites web. Notre politique de confidentialit\u00e9 ne s'applique qu'\u00e0 notre site web. Si vous cliquez sur un lien vers un autre site web, vous devez lire sa politique de confidentialit\u00e9.<\/p>\n<p><strong>Dur\u00e9e de conservation des donn\u00e9es \u00e0 caract\u00e8re personnel<\/strong>:<br \/>Nous conservons vos donn\u00e9es personnelles aussi longtemps que nous r\u00e9pondons \u00e0 une demande ou que vous utilisez le service appropri\u00e9. En cas de notification ou d'avis de votre part, vos donn\u00e9es personnelles seront, si possible, imm\u00e9diatement supprim\u00e9es. Dans le cas contraire, les donn\u00e9es seront d\u00e9sactiv\u00e9es et, si cela est techniquement possible, syst\u00e9matiquement effac\u00e9es ou anonymis\u00e9es. Ind\u00e9pendamment de cela, d'autres obligations l\u00e9gales peuvent exiger que les donn\u00e9es \u00e0 caract\u00e8re personnel soient conserv\u00e9es pendant une p\u00e9riode plus longue.<br \/>Traitement des donn\u00e9es en dehors de l'Union europ\u00e9enne :<br \/>Les serveurs utilis\u00e9s pour la pr\u00e9sence sur Internet sont tous situ\u00e9s en R\u00e9publique f\u00e9d\u00e9rale d'Allemagne. Assurez-vous de conna\u00eetre tous vos droits en mati\u00e8re de protection des donn\u00e9es. Chaque utilisateur a droit \u00e0 ce qui suit :<\/p>\n<p><strong>Droits de l'homme<\/strong>:<br \/>Vous pouvez \u00e0 tout moment exercer votre droit de nous demander des informations sur les donn\u00e9es \u00e0 caract\u00e8re personnel que nous avons stock\u00e9es (article 15 du RGPD).<\/p>\n<p><strong>Droit de rectification des donn\u00e9es incorrectes<\/strong>:<br \/>Si des donn\u00e9es \u00e0 caract\u00e8re personnel vous concernant ont \u00e9t\u00e9 collect\u00e9es de mani\u00e8re incorrecte ou ne sont plus correctes, nous nous conformerons imm\u00e9diatement \u00e0 votre droit de rectification<br \/>(Art. 16 GDPR).<\/p>\n<p><strong>Droit de r\u00e9tractation<\/strong>:<br \/>Vous avez le droit de nous demander un effacement imm\u00e9diat si les donn\u00e9es \u00e0 caract\u00e8re personnel ne sont plus trait\u00e9es pour la finalit\u00e9 initiale ou ne sont plus n\u00e9cessaires (article 17 du RGPD).<br \/>Vous pouvez \u00e9galement exercer le droit \u00e0 l'annulation si vous avez r\u00e9voqu\u00e9 votre consentement et qu'il n'existe pas d'autre base juridique pour le traitement.<\/p>\n<p>Droit \u00e0 la limitation du traitement et \u00e0 l'opposition au traitement :<br \/>Vous avez le droit de demander la limitation du traitement de vos donn\u00e9es (art. 18 et art. 21 (1) GDPR)<\/p>\n<p><strong>Droit \u00e0 la portabilit\u00e9 des donn\u00e9es<\/strong>:<br \/>Si vous souhaitez emporter vos donn\u00e9es avec vous, vous avez le droit \u00e0 la portabilit\u00e9 des donn\u00e9es. Nous mettrons \u00e0 votre disposition les donn\u00e9es pertinentes dans un format standard, structur\u00e9 et lisible par machine ou les transmettrons directement \u00e0 une autre personne responsable (article 20 du RGPD).<br \/>Utilisez l'adresse \u00e9lectronique pour nous faire part de votre demande : info@patientadvocacy.eu<\/p>\n<p><strong>Votre droit de recours aupr\u00e8s de l'autorit\u00e9 de contr\u00f4le comp\u00e9tente<\/strong>:<br \/>Si toutes les tentatives pr\u00e9c\u00e9dentes n'ont pas apport\u00e9 de solution satisfaisante \u00e0 votre probl\u00e8me, vous avez le droit de d\u00e9poser une plainte aupr\u00e8s de l'autorit\u00e9 r\u00e9glementaire dont nous relevons :<br \/>Office bavarois de contr\u00f4le de la protection des donn\u00e9es<br \/>Promenade 27<br \/>91522 Ansbach<br \/>Allemagne<\/p>\n<p>[\/et_pb_text][\/et_pb_column][\/et_pb_row][\/et_pb_section]<\/p>","protected":false},"excerpt":{"rendered":"<p>Imprint \/ Legal Disclosure European Patient Advocacy Institute gUG Address: Am Rothenanger 1b D-85521 Riemerling Email: info@iian.info Legal representative: Jan Geissler, Managing DirectorPrivacy Policy Thank you so much for visiting the IIAN.info website. This privacy policy will explain how the European Patient Advocacy Institute uses the personal data we collect from you when you use [&hellip;]<\/p>","protected":false},"author":1,"featured_media":0,"parent":0,"menu_order":0,"comment_status":"closed","ping_status":"closed","template":"","meta":{"_et_pb_use_builder":"on","_et_pb_old_content":"","_et_gb_content_width":"","inline_featured_image":false,"footnotes":""},"class_list":["post-696","page","type-page","status-publish","hentry"],"yoast_head":"<!-- This site is optimized with the Yoast SEO plugin v21.3 - https:\/\/yoast.com\/wordpress\/plugins\/seo\/ -->\n<title>Imprint - International Immunocompromised Advocacy Network<\/title>\n<meta name=\"robots\" content=\"index, follow, max-snippet:-1, max-image-preview:large, max-video-preview:-1\" \/>\n<link rel=\"canonical\" href=\"https:\/\/www.iian.info\/fr\/imprint\/\" \/>\n<meta property=\"og:locale\" content=\"fr_FR\" \/>\n<meta property=\"og:type\" content=\"article\" \/>\n<meta property=\"og:title\" content=\"Imprint - International Immunocompromised Advocacy Network\" \/>\n<meta property=\"og:description\" content=\"Imprint \/ Legal Disclosure European Patient Advocacy Institute gUG Address: Am Rothenanger 1b D-85521 Riemerling Email: info@iian.info Legal representative: Jan Geissler, Managing DirectorPrivacy Policy Thank you so much for visiting the IIAN.info website. This privacy policy will explain how the European Patient Advocacy Institute uses the personal data we collect from you when you use [&hellip;]\" \/>\n<meta property=\"og:url\" content=\"https:\/\/www.iian.info\/fr\/imprint\/\" \/>\n<meta property=\"og:site_name\" content=\"International Immunocompromised Advocacy Network\" \/>\n<meta property=\"article:modified_time\" content=\"2023-10-14T08:55:19+00:00\" \/>\n<meta name=\"twitter:card\" content=\"summary_large_image\" \/>\n<meta name=\"twitter:label1\" content=\"Dur\u00e9e de lecture estim\u00e9e\" \/>\n\t<meta name=\"twitter:data1\" content=\"5 minutes\" \/>\n<script type=\"application\/ld+json\" class=\"yoast-schema-graph\">{\"@context\":\"https:\/\/schema.org\",\"@graph\":[{\"@type\":\"WebPage\",\"@id\":\"https:\/\/www.iian.info\/imprint\/\",\"url\":\"https:\/\/www.iian.info\/imprint\/\",\"name\":\"Imprint - International Immunocompromised Advocacy Network\",\"isPartOf\":{\"@id\":\"https:\/\/www.iian.info\/#website\"},\"datePublished\":\"2023-10-12T10:02:00+00:00\",\"dateModified\":\"2023-10-14T08:55:19+00:00\",\"inLanguage\":\"fr-FR\",\"potentialAction\":[{\"@type\":\"ReadAction\",\"target\":[\"https:\/\/www.iian.info\/imprint\/\"]}]},{\"@type\":\"WebSite\",\"@id\":\"https:\/\/www.iian.info\/#website\",\"url\":\"https:\/\/www.iian.info\/\",\"name\":\"International Immunocompromised Advocacy Network\",\"description\":\"\",\"potentialAction\":[{\"@type\":\"SearchAction\",\"target\":{\"@type\":\"EntryPoint\",\"urlTemplate\":\"https:\/\/www.iian.info\/?s={search_term_string}\"},\"query-input\":\"required name=search_term_string\"}],\"inLanguage\":\"fr-FR\"}]}<\/script>\n<!-- \/ Yoast SEO plugin. -->","yoast_head_json":{"title":"Imprint - International Immunocompromised Advocacy Network","robots":{"index":"index","follow":"follow","max-snippet":"max-snippet:-1","max-image-preview":"max-image-preview:large","max-video-preview":"max-video-preview:-1"},"canonical":"https:\/\/www.iian.info\/fr\/imprint\/","og_locale":"fr_FR","og_type":"article","og_title":"Imprint - International Immunocompromised Advocacy Network","og_description":"Imprint \/ Legal Disclosure European Patient Advocacy Institute gUG Address: Am Rothenanger 1b D-85521 Riemerling Email: info@iian.info Legal representative: Jan Geissler, Managing DirectorPrivacy Policy Thank you so much for visiting the IIAN.info website. This privacy policy will explain how the European Patient Advocacy Institute uses the personal data we collect from you when you use [&hellip;]","og_url":"https:\/\/www.iian.info\/fr\/imprint\/","og_site_name":"International Immunocompromised Advocacy Network","article_modified_time":"2023-10-14T08:55:19+00:00","twitter_card":"summary_large_image","twitter_misc":{"Dur\u00e9e de lecture estim\u00e9e":"5 minutes"},"schema":{"@context":"https:\/\/schema.org","@graph":[{"@type":"WebPage","@id":"https:\/\/www.iian.info\/imprint\/","url":"https:\/\/www.iian.info\/imprint\/","name":"Imprint - International Immunocompromised Advocacy Network","isPartOf":{"@id":"https:\/\/www.iian.info\/#website"},"datePublished":"2023-10-12T10:02:00+00:00","dateModified":"2023-10-14T08:55:19+00:00","inLanguage":"fr-FR","potentialAction":[{"@type":"ReadAction","target":["https:\/\/www.iian.info\/imprint\/"]}]},{"@type":"WebSite","@id":"https:\/\/www.iian.info\/#website","url":"https:\/\/www.iian.info\/","name":"International Immunocompromised Advocacy Network","description":"","potentialAction":[{"@type":"SearchAction","target":{"@type":"EntryPoint","urlTemplate":"https:\/\/www.iian.info\/?s={search_term_string}"},"query-input":"required name=search_term_string"}],"inLanguage":"fr-FR"}]}},"_links":{"self":[{"href":"https:\/\/www.iian.info\/fr\/wp-json\/wp\/v2\/pages\/696","targetHints":{"allow":["GET"]}}],"collection":[{"href":"https:\/\/www.iian.info\/fr\/wp-json\/wp\/v2\/pages"}],"about":[{"href":"https:\/\/www.iian.info\/fr\/wp-json\/wp\/v2\/types\/page"}],"author":[{"embeddable":true,"href":"https:\/\/www.iian.info\/fr\/wp-json\/wp\/v2\/users\/1"}],"replies":[{"embeddable":true,"href":"https:\/\/www.iian.info\/fr\/wp-json\/wp\/v2\/comments?post=696"}],"version-history":[{"count":12,"href":"https:\/\/www.iian.info\/fr\/wp-json\/wp\/v2\/pages\/696\/revisions"}],"predecessor-version":[{"id":786,"href":"https:\/\/www.iian.info\/fr\/wp-json\/wp\/v2\/pages\/696\/revisions\/786"}],"wp:attachment":[{"href":"https:\/\/www.iian.info\/fr\/wp-json\/wp\/v2\/media?parent=696"}],"curies":[{"name":"wp","href":"https:\/\/api.w.org\/{rel}","templated":true}]}}